{"id":976,"date":"2023-08-10T15:52:06","date_gmt":"2023-08-10T15:52:06","guid":{"rendered":"https:\/\/colegiofraymartin.edu.pe\/nportal\/?page_id=976"},"modified":"2023-12-13T20:00:30","modified_gmt":"2023-12-13T20:00:30","slug":"instalaciones-educativas","status":"publish","type":"page","link":"https:\/\/colegiofraymartin.edu.pe\/nportal\/instalaciones-educativas\/","title":{"rendered":"Instalaciones Educativas"},"content":{"rendered":"\t\t<div data-elementor-type=\"wp-page\" data-elementor-id=\"976\" class=\"elementor elementor-976\" data-elementor-post-type=\"page\">\n\t\t\t\t\t\t<section class=\"elementor-section elementor-top-section elementor-element elementor-element-c2fa3e3 elementor-section-stretched elementor-section-height-min-height elementor-section-content-middle elementor-section-boxed elementor-section-height-default elementor-section-items-middle\" data-id=\"c2fa3e3\" data-element_type=\"section\" data-settings=\"{&quot;stretch_section&quot;:&quot;section-stretched&quot;,&quot;background_background&quot;:&quot;classic&quot;}\">\n\t\t\t\t\t\t<div class=\"elementor-container elementor-column-gap-default\">\n\t\t\t\t\t<div class=\"elementor-column elementor-col-100 elementor-top-column elementor-element elementor-element-c49bea8\" data-id=\"c49bea8\" data-element_type=\"column\" data-settings=\"{&quot;background_background&quot;:&quot;classic&quot;}\">\n\t\t\t<div class=\"elementor-widget-wrap elementor-element-populated\">\n\t\t\t\t\t<div class=\"elementor-background-overlay\"><\/div>\n\t\t\t\t\t\t<div class=\"elementor-element elementor-element-daa19bb elementor-widget elementor-widget-heading\" data-id=\"daa19bb\" data-element_type=\"widget\" data-settings=\"{&quot;_animation_mobile&quot;:&quot;none&quot;}\" data-widget_type=\"heading.default\">\n\t\t\t\t<div class=\"elementor-widget-container\">\n\t\t\t\t\t<h3 class=\"elementor-heading-title elementor-size-default\">Colegio Fray Martin<\/h3>\t\t\t\t<\/div>\n\t\t\t\t<\/div>\n\t\t\t\t<div class=\"elementor-element elementor-element-ec412de premium-header-block premium-lq__none premium-box-lq__none elementor-widget elementor-widget-premium-addon-dual-header\" data-id=\"ec412de\" data-element_type=\"widget\" data-widget_type=\"premium-addon-dual-header.default\">\n\t\t\t\t<div class=\"elementor-widget-container\">\n\t\t\t\t\t\n\t\t\t\t\t<h2 class=\"premium-dual-header-first-header  gradient\"><span class=\"premium-dual-header-first-span\">Instalaciones <\/span><span class=\"premium-dual-header-second-header \">Educativas<\/span><\/h2> \t\t\n\t\t\t\t\t\t<\/div>\n\t\t\t\t<\/div>\n\t\t\t\t\t<\/div>\n\t\t<\/div>\n\t\t\t\t\t<\/div>\n\t\t<\/section>\n\t\t\t\t<section class=\"elementor-section elementor-top-section elementor-element elementor-element-821866c elementor-section-full_width elementor-section-stretched elementor-section-height-default elementor-section-height-default\" data-id=\"821866c\" data-element_type=\"section\" data-settings=\"{&quot;stretch_section&quot;:&quot;section-stretched&quot;}\">\n\t\t\t\t\t\t<div class=\"elementor-container elementor-column-gap-default\">\n\t\t\t\t\t<div class=\"elementor-column elementor-col-100 elementor-top-column elementor-element elementor-element-400f08b\" data-id=\"400f08b\" data-element_type=\"column\">\n\t\t\t<div class=\"elementor-widget-wrap elementor-element-populated\">\n\t\t\t\t\t\t<div class=\"elementor-element elementor-element-263879c premium-title-color elementor-widget elementor-widget-premium-addon-title\" data-id=\"263879c\" data-element_type=\"widget\" data-widget_type=\"premium-addon-title.default\">\n\t\t\t\t<div class=\"elementor-widget-container\">\n\t\t\t\t\t\n\t\t<div class=\"premium-title-container style6\">\n\t\t\t<h3 class=\"premium-title-header premium-title-style6\">\n\t\t\t\t\n\t\t\t\t\n\t\t\t\t\t\t\t\t\t\t\t\t<span class=\"premium-title-text\" >\n\t\t\t\t\tNivel Inicial\t\t\t\t<\/span>\n\t\t\t\t\t\n\t\t\t\t\t\t\t\t\t\t\t<\/h3>\n\t\t<\/div>\n\n\t\t\t\t\t\t<\/div>\n\t\t\t\t<\/div>\n\t\t\t\t<section class=\"elementor-section elementor-inner-section elementor-element elementor-element-440db16 elementor-section-boxed elementor-section-height-default elementor-section-height-default\" data-id=\"440db16\" data-element_type=\"section\">\n\t\t\t\t\t\t<div class=\"elementor-container elementor-column-gap-default\">\n\t\t\t\t\t<div class=\"elementor-column elementor-col-50 elementor-inner-column elementor-element elementor-element-ac41fb8\" data-id=\"ac41fb8\" data-element_type=\"column\">\n\t\t\t<div class=\"elementor-widget-wrap elementor-element-populated\">\n\t\t\t\t\t\t<div class=\"elementor-element elementor-element-bf0445b elementor-widget elementor-widget-text-editor\" data-id=\"bf0445b\" data-element_type=\"widget\" data-widget_type=\"text-editor.default\">\n\t\t\t\t<div class=\"elementor-widget-container\">\n\t\t\t\t\t\t\t\t\t<ul data-sourcepos=\"3:1-7:0\"><li data-sourcepos=\"3:1-3:120\">El Centro Educativo Fray Mart\u00edn es una instituci\u00f3n educativa que ofrece educaci\u00f3n de calidad a ni\u00f1os de nivel inicial.<\/li><li data-sourcepos=\"4:1-4:138\">El centro est\u00e1 comprometido con el desarrollo integral de sus alumnos, fortaleciendo sus habilidades sociales, cognitivas y emocionales.<\/li><li data-sourcepos=\"5:1-5:109\">El centro cuenta con un equipo docente altamente capacitado y comprometido con la educaci\u00f3n de sus alumnos.<\/li><li data-sourcepos=\"6:1-7:0\">El centro tiene un ambiente c\u00e1lido y acogedor que promueve el aprendizaje y el desarrollo de los ni\u00f1os.<\/li><\/ul>\t\t\t\t\t\t\t\t<\/div>\n\t\t\t\t<\/div>\n\t\t\t\t\t<\/div>\n\t\t<\/div>\n\t\t\t\t<div class=\"elementor-column elementor-col-50 elementor-inner-column elementor-element elementor-element-4a9c21c\" data-id=\"4a9c21c\" data-element_type=\"column\">\n\t\t\t<div class=\"elementor-widget-wrap elementor-element-populated\">\n\t\t\t\t\t\t<div class=\"elementor-element elementor-element-85469b9 elementor-widget elementor-widget-google_maps\" data-id=\"85469b9\" data-element_type=\"widget\" data-widget_type=\"google_maps.default\">\n\t\t\t\t<div class=\"elementor-widget-container\">\n\t\t\t\t\t\t\t<div class=\"elementor-custom-embed\">\n\t\t\t<iframe loading=\"lazy\"\n\t\t\t\t\tsrc=\"https:\/\/maps.google.com\/maps?q=Calle%20Chimbote%20%20208%20Urb.%20San%20Martin%20de%20Socabaya.&#038;t=m&#038;z=17&#038;output=embed&#038;iwloc=near\"\n\t\t\t\t\ttitle=\"Calle Chimbote  208 Urb. San Martin de Socabaya.\"\n\t\t\t\t\taria-label=\"Calle Chimbote  208 Urb. San Martin de Socabaya.\"\n\t\t\t><\/iframe>\n\t\t<\/div>\n\t\t\t\t\t\t<\/div>\n\t\t\t\t<\/div>\n\t\t\t\t\t<\/div>\n\t\t<\/div>\n\t\t\t\t\t<\/div>\n\t\t<\/section>\n\t\t\t\t\t<\/div>\n\t\t<\/div>\n\t\t\t\t\t<\/div>\n\t\t<\/section>\n\t\t\t\t<section class=\"elementor-section elementor-top-section elementor-element elementor-element-7f02a3a elementor-section-stretched elementor-section-full_width elementor-section-height-default elementor-section-height-default\" data-id=\"7f02a3a\" data-element_type=\"section\" data-settings=\"{&quot;stretch_section&quot;:&quot;section-stretched&quot;,&quot;background_background&quot;:&quot;classic&quot;}\">\n\t\t\t\t\t\t<div class=\"elementor-container elementor-column-gap-default\">\n\t\t\t\t\t<div class=\"elementor-column elementor-col-100 elementor-top-column elementor-element elementor-element-c5cafe4\" data-id=\"c5cafe4\" data-element_type=\"column\">\n\t\t\t<div class=\"elementor-widget-wrap elementor-element-populated\">\n\t\t\t\t\t\t<div class=\"elementor-element elementor-element-d4af9cd elementor-widget elementor-widget-heading\" data-id=\"d4af9cd\" data-element_type=\"widget\" data-widget_type=\"heading.default\">\n\t\t\t\t<div class=\"elementor-widget-container\">\n\t\t\t\t\t<h3 class=\"elementor-heading-title elementor-size-default\">Nuestra plana docente especializada <\/h3>\t\t\t\t<\/div>\n\t\t\t\t<\/div>\n\t\t\t\t<div class=\"elementor-element elementor-element-280dfc6 premium-header-inline premium-lq__none premium-box-lq__none elementor-widget elementor-widget-premium-addon-dual-header\" data-id=\"280dfc6\" data-element_type=\"widget\" data-settings=\"{&quot;_animation_tablet&quot;:&quot;none&quot;,&quot;_animation_mobile&quot;:&quot;none&quot;}\" data-widget_type=\"premium-addon-dual-header.default\">\n\t\t\t\t<div class=\"elementor-widget-container\">\n\t\t\t\t\t\n\t\t\t\t\t<h2 class=\"premium-dual-header-first-header \"><span class=\"premium-dual-header-first-span\">Nivel de <\/span><span class=\"premium-dual-header-second-header \">inicial<\/span><\/h2> \t\t\n\t\t\t\t\t\t<\/div>\n\t\t\t\t<\/div>\n\t\t\t\t<div class=\"elementor-element elementor-element-95b4bdb elementor-widget elementor-widget-text-editor\" data-id=\"95b4bdb\" data-element_type=\"widget\" data-widget_type=\"text-editor.default\">\n\t\t\t\t<div class=\"elementor-widget-container\">\n\t\t\t\t\t\t\t\t\t<p>El Centro Educativo Fray Mart\u00edn es una excelente opci\u00f3n para los padres que buscan una educaci\u00f3n de calidad para sus hijos. El centro ofrece un ambiente seguro y estimulante, y un equipo docente altamente capacitado que est\u00e1 comprometido con el aprendizaje de sus alumnos.<\/p>\t\t\t\t\t\t\t\t<\/div>\n\t\t\t\t<\/div>\n\t\t\t\t<div class=\"elementor-element elementor-element-589145c premium-person-defaults-yes elementor-widget elementor-widget-premium-addon-person\" data-id=\"589145c\" data-element_type=\"widget\" data-settings=\"{&quot;persons_per_row&quot;:&quot;25%&quot;,&quot;persons_per_row_tablet&quot;:&quot;100%&quot;,&quot;persons_per_row_mobile&quot;:&quot;100%&quot;}\" data-widget_type=\"premium-addon-person.default\">\n\t\t\t\t<div class=\"elementor-widget-container\">\n\t\t\t\t\t\t\t<div class=\"premium-persons-container premium-person-style2 multiple-persons\" data-persons-equal=\"\">\n\t\t\t\t\t\t\t\t<div class=\"premium-person-container premium-person-zoomin-effect\">\n\t\t\t\t\t\t<div class=\"premium-person-image-container\">\n\t\t\t\t\t\t<img fetchpriority=\"high\" decoding=\"async\" width=\"413\" height=\"531\" src=\"https:\/\/colegiofraymartin.edu.pe\/nportal\/wp-content\/uploads\/2023\/08\/Silvia-Maritza-Pari-Humpiri-Inicial-3-anos.png\" class=\"attachment-full size-full wp-image-868\" alt=\"\" srcset=\"https:\/\/colegiofraymartin.edu.pe\/nportal\/wp-content\/uploads\/2023\/08\/Silvia-Maritza-Pari-Humpiri-Inicial-3-anos.png 413w, https:\/\/colegiofraymartin.edu.pe\/nportal\/wp-content\/uploads\/2023\/08\/Silvia-Maritza-Pari-Humpiri-Inicial-3-anos-233x300.png 233w\" sizes=\"(max-width: 413px) 100vw, 413px\" \/>\t\t\t\t\t\t\t\t\t\t\t\t\t<\/div>\n\t\t\t\t\t\t<div class=\"premium-person-info\">\n\t\t\t\t\t\t\t\t\t\t<div class=\"premium-person-info-container\">\n\t\t\t\t\t\t\t\t\t<h3 class=\"premium-person-name\">Silvia Maritza Pari Huampiri<\/h3>\n\t\t\t\t\t\t\t\t\t\t\t<div class=\"premium-person-content\">\n\t\t\t\t\t\t\t<p>Inicial 3 a\u00f1os.<\/p>\t\t\t\t\t\t<\/div>\n\t\t\t\t\t\t\t\t<\/div>\n\t\t\t\t\t\t\t\t\t<\/div>\n\t\t\t\t\t<\/div>\n\t\t\t\t\t\t\t\t\t\t<div class=\"premium-person-container premium-person-zoomin-effect\">\n\t\t\t\t\t\t<div class=\"premium-person-image-container\">\n\t\t\t\t\t\t<img decoding=\"async\" width=\"413\" height=\"531\" src=\"https:\/\/colegiofraymartin.edu.pe\/nportal\/wp-content\/uploads\/2023\/08\/Alma-Lourdes-Ferro-Condori-Inicial-4-anos.png\" class=\"attachment-full size-full wp-image-839\" alt=\"\" srcset=\"https:\/\/colegiofraymartin.edu.pe\/nportal\/wp-content\/uploads\/2023\/08\/Alma-Lourdes-Ferro-Condori-Inicial-4-anos.png 413w, https:\/\/colegiofraymartin.edu.pe\/nportal\/wp-content\/uploads\/2023\/08\/Alma-Lourdes-Ferro-Condori-Inicial-4-anos-233x300.png 233w\" sizes=\"(max-width: 413px) 100vw, 413px\" \/>\t\t\t\t\t\t\t\t\t\t\t\t\t<\/div>\n\t\t\t\t\t\t<div class=\"premium-person-info\">\n\t\t\t\t\t\t\t\t\t\t<div class=\"premium-person-info-container\">\n\t\t\t\t\t\t\t\t\t<h3 class=\"premium-person-name\">Alma Lourdes Ferrro Condori<\/h3>\n\t\t\t\t\t\t\t\t\t\t\t<div class=\"premium-person-content\">\n\t\t\t\t\t\t\t<p>Inicial 4 a\u00f1os.<\/p>\t\t\t\t\t\t<\/div>\n\t\t\t\t\t\t\t\t<\/div>\n\t\t\t\t\t\t\t\t\t<\/div>\n\t\t\t\t\t<\/div>\n\t\t\t\t\t\t\t\t\t\t<div class=\"premium-person-container premium-person-zoomin-effect\">\n\t\t\t\t\t\t<div class=\"premium-person-image-container\">\n\t\t\t\t\t\t<img decoding=\"async\" width=\"413\" height=\"531\" src=\"https:\/\/colegiofraymartin.edu.pe\/nportal\/wp-content\/uploads\/2023\/08\/Karina-Elizabeth-Revilla-Zanabria-Inicial-5-anos-B.png\" class=\"attachment-full size-full wp-image-854\" alt=\"\" srcset=\"https:\/\/colegiofraymartin.edu.pe\/nportal\/wp-content\/uploads\/2023\/08\/Karina-Elizabeth-Revilla-Zanabria-Inicial-5-anos-B.png 413w, https:\/\/colegiofraymartin.edu.pe\/nportal\/wp-content\/uploads\/2023\/08\/Karina-Elizabeth-Revilla-Zanabria-Inicial-5-anos-B-233x300.png 233w\" sizes=\"(max-width: 413px) 100vw, 413px\" \/>\t\t\t\t\t\t\t\t\t\t\t\t\t<\/div>\n\t\t\t\t\t\t<div class=\"premium-person-info\">\n\t\t\t\t\t\t\t\t\t\t<div class=\"premium-person-info-container\">\n\t\t\t\t\t\t\t\t\t<h3 class=\"premium-person-name\">Karina Elizabeth Revilla Zanabria<\/h3>\n\t\t\t\t\t\t\t\t\t\t\t<div class=\"premium-person-content\">\n\t\t\t\t\t\t\t<p>Inicial 5 a\u00f1os.<\/p>\t\t\t\t\t\t<\/div>\n\t\t\t\t\t\t\t\t<\/div>\n\t\t\t\t\t\t\t\t\t<\/div>\n\t\t\t\t\t<\/div>\n\t\t\t\t\t\t\t\t\t\t<div class=\"premium-person-container premium-person-zoomin-effect\">\n\t\t\t\t\t\t<div class=\"premium-person-image-container\">\n\t\t\t\t\t\t<img loading=\"lazy\" decoding=\"async\" width=\"413\" height=\"531\" src=\"https:\/\/colegiofraymartin.edu.pe\/nportal\/wp-content\/uploads\/2023\/08\/Katerine-Caroly-Nunez-Pauca-Inicial-5-anos-A.png\" class=\"attachment-full size-full wp-image-856\" alt=\"\" srcset=\"https:\/\/colegiofraymartin.edu.pe\/nportal\/wp-content\/uploads\/2023\/08\/Katerine-Caroly-Nunez-Pauca-Inicial-5-anos-A.png 413w, https:\/\/colegiofraymartin.edu.pe\/nportal\/wp-content\/uploads\/2023\/08\/Katerine-Caroly-Nunez-Pauca-Inicial-5-anos-A-233x300.png 233w\" sizes=\"(max-width: 413px) 100vw, 413px\" \/>\t\t\t\t\t\t\t\t\t\t\t\t\t<\/div>\n\t\t\t\t\t\t<div class=\"premium-person-info\">\n\t\t\t\t\t\t\t\t\t\t<div class=\"premium-person-info-container\">\n\t\t\t\t\t\t\t\t\t<h3 class=\"premium-person-name\">Katerine Caroly N\u00fa\u00f1ez Pauca<\/h3>\n\t\t\t\t\t\t\t\t\t\t\t<div class=\"premium-person-content\">\n\t\t\t\t\t\t\t<p>Inicial 5 a\u00f1os.<\/p>\t\t\t\t\t\t<\/div>\n\t\t\t\t\t\t\t\t<\/div>\n\t\t\t\t\t\t\t\t\t<\/div>\n\t\t\t\t\t<\/div>\n\t\t\t\t\t\t\t<\/div>\n\t\t\t\t\t\t<\/div>\n\t\t\t\t<\/div>\n\t\t\t\t<div class=\"elementor-element elementor-element-b0be314 premium-person-defaults-yes elementor-widget elementor-widget-premium-addon-person\" data-id=\"b0be314\" data-element_type=\"widget\" data-settings=\"{&quot;persons_per_row&quot;:&quot;25%&quot;,&quot;persons_per_row_tablet&quot;:&quot;100%&quot;,&quot;persons_per_row_mobile&quot;:&quot;100%&quot;}\" data-widget_type=\"premium-addon-person.default\">\n\t\t\t\t<div class=\"elementor-widget-container\">\n\t\t\t\t\t\t\t<div class=\"premium-persons-container premium-person-style2 multiple-persons\" data-persons-equal=\"\">\n\t\t\t\t\t\t\t\t<div class=\"premium-person-container premium-person-zoomin-effect\">\n\t\t\t\t\t\t<div class=\"premium-person-image-container\">\n\t\t\t\t\t\t\t\t\t\t\t\t\t\t\t\t\t\t\t<\/div>\n\t\t\t\t\t\t<div class=\"premium-person-info\">\n\t\t\t\t\t\t\t\t\t\t<div class=\"premium-person-info-container\">\n\t\t\t\t\t\t\t<\/div>\n\t\t\t\t\t\t\t\t\t<\/div>\n\t\t\t\t\t<\/div>\n\t\t\t\t\t\t\t\t\t\t<div class=\"premium-person-container premium-person-zoomin-effect\">\n\t\t\t\t\t\t<div class=\"premium-person-image-container\">\n\t\t\t\t\t\t<img loading=\"lazy\" decoding=\"async\" width=\"413\" height=\"531\" src=\"https:\/\/colegiofraymartin.edu.pe\/nportal\/wp-content\/uploads\/2023\/08\/Milenka-Griselda-Sanchez-Cape-Aluxiar-de-Incial.png\" class=\"attachment-full size-full wp-image-863\" alt=\"\" srcset=\"https:\/\/colegiofraymartin.edu.pe\/nportal\/wp-content\/uploads\/2023\/08\/Milenka-Griselda-Sanchez-Cape-Aluxiar-de-Incial.png 413w, https:\/\/colegiofraymartin.edu.pe\/nportal\/wp-content\/uploads\/2023\/08\/Milenka-Griselda-Sanchez-Cape-Aluxiar-de-Incial-233x300.png 233w\" sizes=\"(max-width: 413px) 100vw, 413px\" \/>\t\t\t\t\t\t\t\t\t\t\t\t\t<\/div>\n\t\t\t\t\t\t<div class=\"premium-person-info\">\n\t\t\t\t\t\t\t\t\t\t<div class=\"premium-person-info-container\">\n\t\t\t\t\t\t\t\t\t<h3 class=\"premium-person-name\">Milenka Griselda Sanchez Cape<\/h3>\n\t\t\t\t\t\t\t\t\t\t\t<div class=\"premium-person-content\">\n\t\t\t\t\t\t\t<p>Auxiliar de Inicial.<\/p>\t\t\t\t\t\t<\/div>\n\t\t\t\t\t\t\t\t<\/div>\n\t\t\t\t\t\t\t\t\t<\/div>\n\t\t\t\t\t<\/div>\n\t\t\t\t\t\t\t\t\t\t<div class=\"premium-person-container premium-person-zoomin-effect\">\n\t\t\t\t\t\t<div class=\"premium-person-image-container\">\n\t\t\t\t\t\t<img loading=\"lazy\" decoding=\"async\" width=\"413\" height=\"531\" src=\"https:\/\/colegiofraymartin.edu.pe\/nportal\/wp-content\/uploads\/2023\/08\/Katia-Herminia-Ballon-Bernedo-Inicial-Primaria-Ingles.png\" class=\"attachment-full size-full wp-image-857\" alt=\"\" srcset=\"https:\/\/colegiofraymartin.edu.pe\/nportal\/wp-content\/uploads\/2023\/08\/Katia-Herminia-Ballon-Bernedo-Inicial-Primaria-Ingles.png 413w, https:\/\/colegiofraymartin.edu.pe\/nportal\/wp-content\/uploads\/2023\/08\/Katia-Herminia-Ballon-Bernedo-Inicial-Primaria-Ingles-233x300.png 233w\" sizes=\"(max-width: 413px) 100vw, 413px\" \/>\t\t\t\t\t\t\t\t\t\t\t\t\t<\/div>\n\t\t\t\t\t\t<div class=\"premium-person-info\">\n\t\t\t\t\t\t\t\t\t\t<div class=\"premium-person-info-container\">\n\t\t\t\t\t\t\t\t\t<h3 class=\"premium-person-name\">Katia Herminia Ballon Bernedo<\/h3>\n\t\t\t\t\t\t\t\t\t\t\t<div class=\"premium-person-content\">\n\t\t\t\t\t\t\t<p>\u00a0Inicial Ingles.<\/p>\t\t\t\t\t\t<\/div>\n\t\t\t\t\t\t\t\t<\/div>\n\t\t\t\t\t\t\t\t\t<\/div>\n\t\t\t\t\t<\/div>\n\t\t\t\t\t\t\t\t\t\t<div class=\"premium-person-container premium-person-zoomin-effect\">\n\t\t\t\t\t\t<div class=\"premium-person-image-container\">\n\t\t\t\t\t\t\t\t\t\t\t\t\t\t\t\t\t\t\t<\/div>\n\t\t\t\t\t\t<div class=\"premium-person-info\">\n\t\t\t\t\t\t\t\t\t\t<div class=\"premium-person-info-container\">\n\t\t\t\t\t\t\t<\/div>\n\t\t\t\t\t\t\t\t\t<\/div>\n\t\t\t\t\t<\/div>\n\t\t\t\t\t\t\t<\/div>\n\t\t\t\t\t\t<\/div>\n\t\t\t\t<\/div>\n\t\t\t\t\t<\/div>\n\t\t<\/div>\n\t\t\t\t\t<\/div>\n\t\t<\/section>\n\t\t\t\t<section class=\"elementor-section elementor-top-section elementor-element elementor-element-badb04f elementor-section-full_width elementor-section-stretched elementor-section-height-default elementor-section-height-default\" data-id=\"badb04f\" data-element_type=\"section\" data-settings=\"{&quot;stretch_section&quot;:&quot;section-stretched&quot;}\">\n\t\t\t\t\t\t<div class=\"elementor-container elementor-column-gap-default\">\n\t\t\t\t\t<div class=\"elementor-column elementor-col-100 elementor-top-column elementor-element elementor-element-f670157\" data-id=\"f670157\" data-element_type=\"column\">\n\t\t\t<div class=\"elementor-widget-wrap elementor-element-populated\">\n\t\t\t\t\t\t<div class=\"elementor-element elementor-element-df97912 premium-title-color elementor-widget elementor-widget-premium-addon-title\" data-id=\"df97912\" data-element_type=\"widget\" data-widget_type=\"premium-addon-title.default\">\n\t\t\t\t<div class=\"elementor-widget-container\">\n\t\t\t\t\t\n\t\t<div class=\"premium-title-container style6\">\n\t\t\t<h3 class=\"premium-title-header premium-title-style6\">\n\t\t\t\t\n\t\t\t\t\n\t\t\t\t\t\t\t\t\t\t\t\t<span class=\"premium-title-text\" >\n\t\t\t\t\tNivel Primaria\t\t\t\t<\/span>\n\t\t\t\t\t\n\t\t\t\t\t\t\t\t\t\t\t<\/h3>\n\t\t<\/div>\n\n\t\t\t\t\t\t<\/div>\n\t\t\t\t<\/div>\n\t\t\t\t<section class=\"elementor-section elementor-inner-section elementor-element elementor-element-f245290 elementor-section-boxed elementor-section-height-default elementor-section-height-default\" data-id=\"f245290\" data-element_type=\"section\">\n\t\t\t\t\t\t<div class=\"elementor-container elementor-column-gap-default\">\n\t\t\t\t\t<div class=\"elementor-column elementor-col-50 elementor-inner-column elementor-element elementor-element-50ea7cf\" data-id=\"50ea7cf\" data-element_type=\"column\">\n\t\t\t<div class=\"elementor-widget-wrap elementor-element-populated\">\n\t\t\t\t\t\t<div class=\"elementor-element elementor-element-5136e4f elementor-widget elementor-widget-text-editor\" data-id=\"5136e4f\" data-element_type=\"widget\" data-widget_type=\"text-editor.default\">\n\t\t\t\t<div class=\"elementor-widget-container\">\n\t\t\t\t\t\t\t\t\t<ul data-sourcepos=\"3:1-9:0\"><li data-sourcepos=\"3:1-3:121\">El Centro Educativo Fray Mart\u00edn es una instituci\u00f3n educativa que ofrece educaci\u00f3n de calidad a ni\u00f1os de nivel primaria.<\/li><li data-sourcepos=\"4:1-4:138\">El centro est\u00e1 comprometido con el desarrollo integral de sus alumnos, fortaleciendo sus habilidades sociales, cognitivas y emocionales.<\/li><li data-sourcepos=\"5:1-5:109\">El centro cuenta con un equipo docente altamente capacitado y comprometido con la educaci\u00f3n de sus alumnos.<\/li><li data-sourcepos=\"6:1-6:105\">El centro tiene un ambiente c\u00e1lido y acogedor que promueve el aprendizaje y el desarrollo de los ni\u00f1os.<\/li><li data-sourcepos=\"7:1-7:153\">El centro ofrece una variedad de actividades extracurriculares que complementan la educaci\u00f3n formal, tales como deportes, m\u00fasica, arte, danza y teatro.<\/li><li data-sourcepos=\"8:1-9:0\">El centro tiene una s\u00f3lida relaci\u00f3n con la comunidad, y participa en actividades que contribuyen al desarrollo social y cultural de la zona<\/li><\/ul>\t\t\t\t\t\t\t\t<\/div>\n\t\t\t\t<\/div>\n\t\t\t\t\t<\/div>\n\t\t<\/div>\n\t\t\t\t<div class=\"elementor-column elementor-col-50 elementor-inner-column elementor-element elementor-element-57f1e3b\" data-id=\"57f1e3b\" data-element_type=\"column\">\n\t\t\t<div class=\"elementor-widget-wrap elementor-element-populated\">\n\t\t\t\t\t\t<div class=\"elementor-element elementor-element-78b26d7 elementor-widget elementor-widget-google_maps\" data-id=\"78b26d7\" data-element_type=\"widget\" data-widget_type=\"google_maps.default\">\n\t\t\t\t<div class=\"elementor-widget-container\">\n\t\t\t\t\t\t\t<div class=\"elementor-custom-embed\">\n\t\t\t<iframe loading=\"lazy\"\n\t\t\t\t\tsrc=\"https:\/\/maps.google.com\/maps?q=Calle%20Chimbote%20209%20Urb.%20San%20Martin%20de%20Socabaya.&#038;t=m&#038;z=17&#038;output=embed&#038;iwloc=near\"\n\t\t\t\t\ttitle=\"Calle Chimbote 209 Urb. San Martin de Socabaya.\"\n\t\t\t\t\taria-label=\"Calle Chimbote 209 Urb. San Martin de Socabaya.\"\n\t\t\t><\/iframe>\n\t\t<\/div>\n\t\t\t\t\t\t<\/div>\n\t\t\t\t<\/div>\n\t\t\t\t\t<\/div>\n\t\t<\/div>\n\t\t\t\t\t<\/div>\n\t\t<\/section>\n\t\t\t\t\t<\/div>\n\t\t<\/div>\n\t\t\t\t\t<\/div>\n\t\t<\/section>\n\t\t\t\t<section class=\"elementor-section elementor-top-section elementor-element elementor-element-5d46895 elementor-section-stretched elementor-section-full_width elementor-section-height-default elementor-section-height-default\" data-id=\"5d46895\" data-element_type=\"section\" data-settings=\"{&quot;stretch_section&quot;:&quot;section-stretched&quot;,&quot;background_background&quot;:&quot;classic&quot;}\">\n\t\t\t\t\t\t<div class=\"elementor-container elementor-column-gap-default\">\n\t\t\t\t\t<div class=\"elementor-column elementor-col-100 elementor-top-column elementor-element elementor-element-44e8e33\" data-id=\"44e8e33\" data-element_type=\"column\">\n\t\t\t<div class=\"elementor-widget-wrap elementor-element-populated\">\n\t\t\t\t\t\t<div class=\"elementor-element elementor-element-9033091 elementor-widget elementor-widget-heading\" data-id=\"9033091\" data-element_type=\"widget\" data-widget_type=\"heading.default\">\n\t\t\t\t<div class=\"elementor-widget-container\">\n\t\t\t\t\t<h3 class=\"elementor-heading-title elementor-size-default\">Nuestra plana docente especializada <\/h3>\t\t\t\t<\/div>\n\t\t\t\t<\/div>\n\t\t\t\t<div class=\"elementor-element elementor-element-1f201f9 premium-header-inline premium-lq__none premium-box-lq__none elementor-widget elementor-widget-premium-addon-dual-header\" data-id=\"1f201f9\" data-element_type=\"widget\" data-settings=\"{&quot;_animation_tablet&quot;:&quot;none&quot;,&quot;_animation_mobile&quot;:&quot;none&quot;}\" data-widget_type=\"premium-addon-dual-header.default\">\n\t\t\t\t<div class=\"elementor-widget-container\">\n\t\t\t\t\t\n\t\t\t\t\t<h2 class=\"premium-dual-header-first-header \"><span class=\"premium-dual-header-first-span\">Nivel de <\/span><span class=\"premium-dual-header-second-header \">Primaria<\/span><\/h2> \t\t\n\t\t\t\t\t\t<\/div>\n\t\t\t\t<\/div>\n\t\t\t\t<div class=\"elementor-element elementor-element-858d601 elementor-widget elementor-widget-text-editor\" data-id=\"858d601\" data-element_type=\"widget\" data-widget_type=\"text-editor.default\">\n\t\t\t\t<div class=\"elementor-widget-container\">\n\t\t\t\t\t\t\t\t\t<p>El Centro Educativo Fray Mart\u00edn es una excelente opci\u00f3n para los padres que buscan una educaci\u00f3n de calidad para sus hijos. El centro ofrece un ambiente seguro y estimulante, un equipo docente altamente capacitado, y una variedad de actividades extracurriculares.<\/p>\t\t\t\t\t\t\t\t<\/div>\n\t\t\t\t<\/div>\n\t\t\t\t<div class=\"elementor-element elementor-element-34470d5 premium-person-defaults-yes elementor-widget elementor-widget-premium-addon-person\" data-id=\"34470d5\" data-element_type=\"widget\" data-settings=\"{&quot;persons_per_row&quot;:&quot;25%&quot;,&quot;persons_per_row_tablet&quot;:&quot;100%&quot;,&quot;persons_per_row_mobile&quot;:&quot;100%&quot;}\" data-widget_type=\"premium-addon-person.default\">\n\t\t\t\t<div class=\"elementor-widget-container\">\n\t\t\t\t\t\t\t<div class=\"premium-persons-container premium-person-style2 multiple-persons\" data-persons-equal=\"\">\n\t\t\t\t\t\t\t\t<div class=\"premium-person-container premium-person-zoomout-effect\">\n\t\t\t\t\t\t<div class=\"premium-person-image-container\">\n\t\t\t\t\t\t<img loading=\"lazy\" decoding=\"async\" width=\"413\" height=\"531\" src=\"https:\/\/colegiofraymartin.edu.pe\/nportal\/wp-content\/uploads\/2023\/08\/Sanndy-Aida-Palomino-Velasquez-Primaria-1\u00b0-A.png\" class=\"attachment-full size-full wp-image-867\" alt=\"\" srcset=\"https:\/\/colegiofraymartin.edu.pe\/nportal\/wp-content\/uploads\/2023\/08\/Sanndy-Aida-Palomino-Velasquez-Primaria-1\u00b0-A.png 413w, https:\/\/colegiofraymartin.edu.pe\/nportal\/wp-content\/uploads\/2023\/08\/Sanndy-Aida-Palomino-Velasquez-Primaria-1\u00b0-A-233x300.png 233w\" sizes=\"(max-width: 413px) 100vw, 413px\" \/>\t\t\t\t\t\t\t\t\t\t\t\t\t<\/div>\n\t\t\t\t\t\t<div class=\"premium-person-info\">\n\t\t\t\t\t\t\t\t\t\t<div class=\"premium-person-info-container\">\n\t\t\t\t\t\t\t\t\t<h3 class=\"premium-person-name\">Sanndy Aida Palomino Velasquez<\/h3>\n\t\t\t\t\t\t\t\t\t\t\t<div class=\"premium-person-content\">\n\t\t\t\t\t\t\t<p>Primaria 1\u00b0 A<\/p>\t\t\t\t\t\t<\/div>\n\t\t\t\t\t\t\t\t<\/div>\n\t\t\t\t\t\t\t\t\t<\/div>\n\t\t\t\t\t<\/div>\n\t\t\t\t\t\t\t\t\t\t<div class=\"premium-person-container premium-person-zoomout-effect\">\n\t\t\t\t\t\t<div class=\"premium-person-image-container\">\n\t\t\t\t\t\t<img loading=\"lazy\" decoding=\"async\" width=\"413\" height=\"531\" src=\"https:\/\/colegiofraymartin.edu.pe\/nportal\/wp-content\/uploads\/2023\/08\/Luz-Ignacia-Tejada-Huayhua-Primaria-1\u00b0-B.png\" class=\"attachment-full size-full wp-image-859\" alt=\"\" srcset=\"https:\/\/colegiofraymartin.edu.pe\/nportal\/wp-content\/uploads\/2023\/08\/Luz-Ignacia-Tejada-Huayhua-Primaria-1\u00b0-B.png 413w, https:\/\/colegiofraymartin.edu.pe\/nportal\/wp-content\/uploads\/2023\/08\/Luz-Ignacia-Tejada-Huayhua-Primaria-1\u00b0-B-233x300.png 233w\" sizes=\"(max-width: 413px) 100vw, 413px\" \/>\t\t\t\t\t\t\t\t\t\t\t\t\t<\/div>\n\t\t\t\t\t\t<div class=\"premium-person-info\">\n\t\t\t\t\t\t\t\t\t\t<div class=\"premium-person-info-container\">\n\t\t\t\t\t\t\t\t\t<h3 class=\"premium-person-name\">Luz Ignacia Tejada Huayhua<\/h3>\n\t\t\t\t\t\t\t\t\t\t\t<div class=\"premium-person-content\">\n\t\t\t\t\t\t\t<p>Primaria 1\u00b0 B.<\/p>\t\t\t\t\t\t<\/div>\n\t\t\t\t\t\t\t\t<\/div>\n\t\t\t\t\t\t\t\t\t<\/div>\n\t\t\t\t\t<\/div>\n\t\t\t\t\t\t\t\t\t\t<div class=\"premium-person-container premium-person-zoomout-effect\">\n\t\t\t\t\t\t<div class=\"premium-person-image-container\">\n\t\t\t\t\t\t<img loading=\"lazy\" decoding=\"async\" width=\"413\" height=\"531\" src=\"https:\/\/colegiofraymartin.edu.pe\/nportal\/wp-content\/uploads\/2023\/08\/Liliana-Masisel-Vilca-Navarro-Primaria-2\u00b0-A.png\" class=\"attachment-full size-full wp-image-858\" alt=\"\" srcset=\"https:\/\/colegiofraymartin.edu.pe\/nportal\/wp-content\/uploads\/2023\/08\/Liliana-Masisel-Vilca-Navarro-Primaria-2\u00b0-A.png 413w, https:\/\/colegiofraymartin.edu.pe\/nportal\/wp-content\/uploads\/2023\/08\/Liliana-Masisel-Vilca-Navarro-Primaria-2\u00b0-A-233x300.png 233w\" sizes=\"(max-width: 413px) 100vw, 413px\" \/>\t\t\t\t\t\t\t\t\t\t\t\t\t<\/div>\n\t\t\t\t\t\t<div class=\"premium-person-info\">\n\t\t\t\t\t\t\t\t\t\t<div class=\"premium-person-info-container\">\n\t\t\t\t\t\t\t\t\t<h3 class=\"premium-person-name\">Liliana Masisel Vilca Navarro<\/h3>\n\t\t\t\t\t\t\t\t\t\t\t<div class=\"premium-person-content\">\n\t\t\t\t\t\t\t<p>Primaria 2\u00b0 A.<\/p>\t\t\t\t\t\t<\/div>\n\t\t\t\t\t\t\t\t<\/div>\n\t\t\t\t\t\t\t\t\t<\/div>\n\t\t\t\t\t<\/div>\n\t\t\t\t\t\t\t\t\t\t<div class=\"premium-person-container premium-person-zoomout-effect\">\n\t\t\t\t\t\t<div class=\"premium-person-image-container\">\n\t\t\t\t\t\t<img loading=\"lazy\" decoding=\"async\" width=\"413\" height=\"531\" src=\"https:\/\/colegiofraymartin.edu.pe\/nportal\/wp-content\/uploads\/2023\/08\/Evelyn-Yrene-Villanueva-Herrera-Primaria-2\u00b0-B.png\" class=\"attachment-full size-full wp-image-846\" alt=\"\" srcset=\"https:\/\/colegiofraymartin.edu.pe\/nportal\/wp-content\/uploads\/2023\/08\/Evelyn-Yrene-Villanueva-Herrera-Primaria-2\u00b0-B.png 413w, https:\/\/colegiofraymartin.edu.pe\/nportal\/wp-content\/uploads\/2023\/08\/Evelyn-Yrene-Villanueva-Herrera-Primaria-2\u00b0-B-233x300.png 233w\" sizes=\"(max-width: 413px) 100vw, 413px\" \/>\t\t\t\t\t\t\t\t\t\t\t\t\t<\/div>\n\t\t\t\t\t\t<div class=\"premium-person-info\">\n\t\t\t\t\t\t\t\t\t\t<div class=\"premium-person-info-container\">\n\t\t\t\t\t\t\t\t\t<h3 class=\"premium-person-name\">Evelyn Yrene Villanueva Herrera<\/h3>\n\t\t\t\t\t\t\t\t\t\t\t<div class=\"premium-person-content\">\n\t\t\t\t\t\t\t<p>Primaria 2\u00b0 B.<\/p>\t\t\t\t\t\t<\/div>\n\t\t\t\t\t\t\t\t<\/div>\n\t\t\t\t\t\t\t\t\t<\/div>\n\t\t\t\t\t<\/div>\n\t\t\t\t\t\t\t<\/div>\n\t\t\t\t\t\t<\/div>\n\t\t\t\t<\/div>\n\t\t\t\t<div class=\"elementor-element elementor-element-62ed51e premium-person-defaults-yes elementor-widget elementor-widget-premium-addon-person\" data-id=\"62ed51e\" data-element_type=\"widget\" data-settings=\"{&quot;persons_per_row&quot;:&quot;25%&quot;,&quot;persons_per_row_tablet&quot;:&quot;100%&quot;,&quot;persons_per_row_mobile&quot;:&quot;100%&quot;}\" data-widget_type=\"premium-addon-person.default\">\n\t\t\t\t<div class=\"elementor-widget-container\">\n\t\t\t\t\t\t\t<div class=\"premium-persons-container premium-person-style2 multiple-persons\" data-persons-equal=\"\">\n\t\t\t\t\t\t\t\t<div class=\"premium-person-container premium-person-zoomin-effect\">\n\t\t\t\t\t\t<div class=\"premium-person-image-container\">\n\t\t\t\t\t\t<img loading=\"lazy\" decoding=\"async\" width=\"413\" height=\"531\" src=\"https:\/\/colegiofraymartin.edu.pe\/nportal\/wp-content\/uploads\/2023\/08\/Eddy-Yesenia-Vera-Montuffar-Primaria-3\u00b0-A.png\" class=\"attachment-full size-full wp-image-844\" alt=\"\" srcset=\"https:\/\/colegiofraymartin.edu.pe\/nportal\/wp-content\/uploads\/2023\/08\/Eddy-Yesenia-Vera-Montuffar-Primaria-3\u00b0-A.png 413w, https:\/\/colegiofraymartin.edu.pe\/nportal\/wp-content\/uploads\/2023\/08\/Eddy-Yesenia-Vera-Montuffar-Primaria-3\u00b0-A-233x300.png 233w\" sizes=\"(max-width: 413px) 100vw, 413px\" \/>\t\t\t\t\t\t\t\t\t\t\t\t\t<\/div>\n\t\t\t\t\t\t<div class=\"premium-person-info\">\n\t\t\t\t\t\t\t\t\t\t<div class=\"premium-person-info-container\">\n\t\t\t\t\t\t\t\t\t<h3 class=\"premium-person-name\">Eddy Yesenia Vera Montuffar<\/h3>\n\t\t\t\t\t\t\t\t\t\t\t<div class=\"premium-person-content\">\n\t\t\t\t\t\t\t<p>Primaria 3\u00b0 A<\/p>\t\t\t\t\t\t<\/div>\n\t\t\t\t\t\t\t\t<\/div>\n\t\t\t\t\t\t\t\t\t<\/div>\n\t\t\t\t\t<\/div>\n\t\t\t\t\t\t\t\t\t\t<div class=\"premium-person-container premium-person-zoomin-effect\">\n\t\t\t\t\t\t<div class=\"premium-person-image-container\">\n\t\t\t\t\t\t<img loading=\"lazy\" decoding=\"async\" width=\"413\" height=\"531\" src=\"https:\/\/colegiofraymartin.edu.pe\/nportal\/wp-content\/uploads\/2023\/08\/Diana-Isabel-Puma-Velasquez-Primaria-3\u00b0-B.png\" class=\"attachment-full size-full wp-image-843\" alt=\"\" srcset=\"https:\/\/colegiofraymartin.edu.pe\/nportal\/wp-content\/uploads\/2023\/08\/Diana-Isabel-Puma-Velasquez-Primaria-3\u00b0-B.png 413w, https:\/\/colegiofraymartin.edu.pe\/nportal\/wp-content\/uploads\/2023\/08\/Diana-Isabel-Puma-Velasquez-Primaria-3\u00b0-B-233x300.png 233w\" sizes=\"(max-width: 413px) 100vw, 413px\" \/>\t\t\t\t\t\t\t\t\t\t\t\t\t<\/div>\n\t\t\t\t\t\t<div class=\"premium-person-info\">\n\t\t\t\t\t\t\t\t\t\t<div class=\"premium-person-info-container\">\n\t\t\t\t\t\t\t\t\t<h3 class=\"premium-person-name\">Diana Isabel Puma Velasquez<\/h3>\n\t\t\t\t\t\t\t\t\t\t\t<div class=\"premium-person-content\">\n\t\t\t\t\t\t\t<p>Primaria 3\u00b0 B.<\/p>\t\t\t\t\t\t<\/div>\n\t\t\t\t\t\t\t\t<\/div>\n\t\t\t\t\t\t\t\t\t<\/div>\n\t\t\t\t\t<\/div>\n\t\t\t\t\t\t\t\t\t\t<div class=\"premium-person-container premium-person-zoomin-effect\">\n\t\t\t\t\t\t<div class=\"premium-person-image-container\">\n\t\t\t\t\t\t<img loading=\"lazy\" decoding=\"async\" width=\"413\" height=\"531\" src=\"https:\/\/colegiofraymartin.edu.pe\/nportal\/wp-content\/uploads\/2023\/08\/Margie-Lorena-Gutierrez-Pulcha-Primaria-4\u00b0-A.png\" class=\"attachment-full size-full wp-image-860\" alt=\"\" srcset=\"https:\/\/colegiofraymartin.edu.pe\/nportal\/wp-content\/uploads\/2023\/08\/Margie-Lorena-Gutierrez-Pulcha-Primaria-4\u00b0-A.png 413w, https:\/\/colegiofraymartin.edu.pe\/nportal\/wp-content\/uploads\/2023\/08\/Margie-Lorena-Gutierrez-Pulcha-Primaria-4\u00b0-A-233x300.png 233w\" sizes=\"(max-width: 413px) 100vw, 413px\" \/>\t\t\t\t\t\t\t\t\t\t\t\t\t<\/div>\n\t\t\t\t\t\t<div class=\"premium-person-info\">\n\t\t\t\t\t\t\t\t\t\t<div class=\"premium-person-info-container\">\n\t\t\t\t\t\t\t\t\t<h3 class=\"premium-person-name\">Margie Lorena Gutierrez Pulcha<\/h3>\n\t\t\t\t\t\t\t\t\t\t\t<div class=\"premium-person-content\">\n\t\t\t\t\t\t\t<p>Primaria 4\u00b0 A.<\/p>\t\t\t\t\t\t<\/div>\n\t\t\t\t\t\t\t\t<\/div>\n\t\t\t\t\t\t\t\t\t<\/div>\n\t\t\t\t\t<\/div>\n\t\t\t\t\t\t\t\t\t\t<div class=\"premium-person-container premium-person-zoomin-effect\">\n\t\t\t\t\t\t<div class=\"premium-person-image-container\">\n\t\t\t\t\t\t<img loading=\"lazy\" decoding=\"async\" width=\"413\" height=\"531\" src=\"https:\/\/colegiofraymartin.edu.pe\/nportal\/wp-content\/uploads\/2023\/08\/Sandra-Nelly-Huaraya-Diaz-Primaia-4\u00b0-B.png\" class=\"attachment-full size-full wp-image-866\" alt=\"\" srcset=\"https:\/\/colegiofraymartin.edu.pe\/nportal\/wp-content\/uploads\/2023\/08\/Sandra-Nelly-Huaraya-Diaz-Primaia-4\u00b0-B.png 413w, https:\/\/colegiofraymartin.edu.pe\/nportal\/wp-content\/uploads\/2023\/08\/Sandra-Nelly-Huaraya-Diaz-Primaia-4\u00b0-B-233x300.png 233w\" sizes=\"(max-width: 413px) 100vw, 413px\" \/>\t\t\t\t\t\t\t\t\t\t\t\t\t<\/div>\n\t\t\t\t\t\t<div class=\"premium-person-info\">\n\t\t\t\t\t\t\t\t\t\t<div class=\"premium-person-info-container\">\n\t\t\t\t\t\t\t\t\t<h3 class=\"premium-person-name\">Sandra Nelly Huaraya Diaz<\/h3>\n\t\t\t\t\t\t\t\t\t\t\t<div class=\"premium-person-content\">\n\t\t\t\t\t\t\t<p>Primaria 4\u00b0 B.<\/p>\t\t\t\t\t\t<\/div>\n\t\t\t\t\t\t\t\t<\/div>\n\t\t\t\t\t\t\t\t\t<\/div>\n\t\t\t\t\t<\/div>\n\t\t\t\t\t\t\t<\/div>\n\t\t\t\t\t\t<\/div>\n\t\t\t\t<\/div>\n\t\t\t\t<div class=\"elementor-element elementor-element-ba8fff6 premium-person-defaults-yes elementor-widget elementor-widget-premium-addon-person\" data-id=\"ba8fff6\" data-element_type=\"widget\" data-settings=\"{&quot;persons_per_row&quot;:&quot;25%&quot;,&quot;persons_per_row_tablet&quot;:&quot;100%&quot;,&quot;persons_per_row_mobile&quot;:&quot;100%&quot;}\" data-widget_type=\"premium-addon-person.default\">\n\t\t\t\t<div class=\"elementor-widget-container\">\n\t\t\t\t\t\t\t<div class=\"premium-persons-container premium-person-style2 multiple-persons\" data-persons-equal=\"\">\n\t\t\t\t\t\t\t\t<div class=\"premium-person-container premium-person-zoomin-effect\">\n\t\t\t\t\t\t<div class=\"premium-person-image-container\">\n\t\t\t\t\t\t<img loading=\"lazy\" decoding=\"async\" width=\"413\" height=\"531\" src=\"https:\/\/colegiofraymartin.edu.pe\/nportal\/wp-content\/uploads\/2023\/08\/Ross-Mary-Chavez-Velarde-Primaria-5\u00b0-A.png\" class=\"attachment-full size-full wp-image-865\" alt=\"\" srcset=\"https:\/\/colegiofraymartin.edu.pe\/nportal\/wp-content\/uploads\/2023\/08\/Ross-Mary-Chavez-Velarde-Primaria-5\u00b0-A.png 413w, https:\/\/colegiofraymartin.edu.pe\/nportal\/wp-content\/uploads\/2023\/08\/Ross-Mary-Chavez-Velarde-Primaria-5\u00b0-A-233x300.png 233w\" sizes=\"(max-width: 413px) 100vw, 413px\" \/>\t\t\t\t\t\t\t\t\t\t\t\t\t<\/div>\n\t\t\t\t\t\t<div class=\"premium-person-info\">\n\t\t\t\t\t\t\t\t\t\t<div class=\"premium-person-info-container\">\n\t\t\t\t\t\t\t\t\t<h3 class=\"premium-person-name\">Ross Mary Ch\u00e1vez Velarde<\/h3>\n\t\t\t\t\t\t\t\t\t\t\t<div class=\"premium-person-content\">\n\t\t\t\t\t\t\t<p>Primaria 5\u00b0 A.<\/p>\t\t\t\t\t\t<\/div>\n\t\t\t\t\t\t\t\t<\/div>\n\t\t\t\t\t\t\t\t\t<\/div>\n\t\t\t\t\t<\/div>\n\t\t\t\t\t\t\t\t\t\t<div class=\"premium-person-container premium-person-zoomin-effect\">\n\t\t\t\t\t\t<div class=\"premium-person-image-container\">\n\t\t\t\t\t\t<img loading=\"lazy\" decoding=\"async\" width=\"413\" height=\"531\" src=\"https:\/\/colegiofraymartin.edu.pe\/nportal\/wp-content\/uploads\/2023\/08\/Karen-Domenica-Perez-Bolanos-Primaria-5\u00b0-B.png\" class=\"attachment-full size-full wp-image-853\" alt=\"\" srcset=\"https:\/\/colegiofraymartin.edu.pe\/nportal\/wp-content\/uploads\/2023\/08\/Karen-Domenica-Perez-Bolanos-Primaria-5\u00b0-B.png 413w, https:\/\/colegiofraymartin.edu.pe\/nportal\/wp-content\/uploads\/2023\/08\/Karen-Domenica-Perez-Bolanos-Primaria-5\u00b0-B-233x300.png 233w\" sizes=\"(max-width: 413px) 100vw, 413px\" \/>\t\t\t\t\t\t\t\t\t\t\t\t\t<\/div>\n\t\t\t\t\t\t<div class=\"premium-person-info\">\n\t\t\t\t\t\t\t\t\t\t<div class=\"premium-person-info-container\">\n\t\t\t\t\t\t\t\t\t<h3 class=\"premium-person-name\">Karen Dom\u00e9nica P\u00e9rez Bola\u00f1os<\/h3>\n\t\t\t\t\t\t\t\t\t\t\t<div class=\"premium-person-content\">\n\t\t\t\t\t\t\t<p>Primaria 5\u00b0 B.<\/p>\t\t\t\t\t\t<\/div>\n\t\t\t\t\t\t\t\t<\/div>\n\t\t\t\t\t\t\t\t\t<\/div>\n\t\t\t\t\t<\/div>\n\t\t\t\t\t\t\t\t\t\t<div class=\"premium-person-container premium-person-zoomin-effect\">\n\t\t\t\t\t\t<div class=\"premium-person-image-container\">\n\t\t\t\t\t\t<img loading=\"lazy\" decoding=\"async\" width=\"413\" height=\"531\" src=\"https:\/\/colegiofraymartin.edu.pe\/nportal\/wp-content\/uploads\/2023\/08\/karina-Patricia-Lazo-Mendoza-Primaria-6\u00b0.png\" class=\"attachment-full size-full wp-image-855\" alt=\"\" srcset=\"https:\/\/colegiofraymartin.edu.pe\/nportal\/wp-content\/uploads\/2023\/08\/karina-Patricia-Lazo-Mendoza-Primaria-6\u00b0.png 413w, https:\/\/colegiofraymartin.edu.pe\/nportal\/wp-content\/uploads\/2023\/08\/karina-Patricia-Lazo-Mendoza-Primaria-6\u00b0-233x300.png 233w\" sizes=\"(max-width: 413px) 100vw, 413px\" \/>\t\t\t\t\t\t\t\t\t\t\t\t\t<\/div>\n\t\t\t\t\t\t<div class=\"premium-person-info\">\n\t\t\t\t\t\t\t\t\t\t<div class=\"premium-person-info-container\">\n\t\t\t\t\t\t\t\t\t<h3 class=\"premium-person-name\">Karina Patricia Lazo Mendoza <\/h3>\n\t\t\t\t\t\t\t\t\t\t\t<div class=\"premium-person-content\">\n\t\t\t\t\t\t\t<p>Primaria 6\u00b0.<\/p>\t\t\t\t\t\t<\/div>\n\t\t\t\t\t\t\t\t<\/div>\n\t\t\t\t\t\t\t\t\t<\/div>\n\t\t\t\t\t<\/div>\n\t\t\t\t\t\t\t\t\t\t<div class=\"premium-person-container premium-person-zoomin-effect\">\n\t\t\t\t\t\t<div class=\"premium-person-image-container\">\n\t\t\t\t\t\t<img loading=\"lazy\" decoding=\"async\" width=\"413\" height=\"531\" src=\"https:\/\/colegiofraymartin.edu.pe\/nportal\/wp-content\/uploads\/2023\/08\/Alexandra-Fiorella-Gomez-Juyo-Auxiliar-de-Primaria.png\" class=\"attachment-full size-full wp-image-838\" alt=\"\" srcset=\"https:\/\/colegiofraymartin.edu.pe\/nportal\/wp-content\/uploads\/2023\/08\/Alexandra-Fiorella-Gomez-Juyo-Auxiliar-de-Primaria.png 413w, https:\/\/colegiofraymartin.edu.pe\/nportal\/wp-content\/uploads\/2023\/08\/Alexandra-Fiorella-Gomez-Juyo-Auxiliar-de-Primaria-233x300.png 233w\" sizes=\"(max-width: 413px) 100vw, 413px\" \/>\t\t\t\t\t\t\t\t\t\t\t\t\t<\/div>\n\t\t\t\t\t\t<div class=\"premium-person-info\">\n\t\t\t\t\t\t\t\t\t\t<div class=\"premium-person-info-container\">\n\t\t\t\t\t\t\t\t\t<h3 class=\"premium-person-name\">Alexandra Fiorella Gomez Juyo<\/h3>\n\t\t\t\t\t\t\t\t\t\t\t<div class=\"premium-person-content\">\n\t\t\t\t\t\t\t<p>Auxiliar de Primaria.<\/p>\t\t\t\t\t\t<\/div>\n\t\t\t\t\t\t\t\t<\/div>\n\t\t\t\t\t\t\t\t\t<\/div>\n\t\t\t\t\t<\/div>\n\t\t\t\t\t\t\t<\/div>\n\t\t\t\t\t\t<\/div>\n\t\t\t\t<\/div>\n\t\t\t\t<div class=\"elementor-element elementor-element-79de656 premium-person-defaults-yes elementor-widget elementor-widget-premium-addon-person\" data-id=\"79de656\" data-element_type=\"widget\" data-settings=\"{&quot;persons_per_row&quot;:&quot;25%&quot;,&quot;persons_per_row_tablet&quot;:&quot;100%&quot;,&quot;persons_per_row_mobile&quot;:&quot;100%&quot;}\" data-widget_type=\"premium-addon-person.default\">\n\t\t\t\t<div class=\"elementor-widget-container\">\n\t\t\t\t\t\t\t<div class=\"premium-persons-container premium-person-style2 multiple-persons\" data-persons-equal=\"\">\n\t\t\t\t\t\t\t\t<div class=\"premium-person-container premium-person-zoomin-effect\">\n\t\t\t\t\t\t<div class=\"premium-person-image-container\">\n\t\t\t\t\t\t<img loading=\"lazy\" decoding=\"async\" width=\"413\" height=\"531\" src=\"https:\/\/colegiofraymartin.edu.pe\/nportal\/wp-content\/uploads\/2023\/08\/Katia-Herminia-Ballon-Bernedo-Inicial-Primaria-Ingles.png\" class=\"attachment-full size-full wp-image-857\" alt=\"\" srcset=\"https:\/\/colegiofraymartin.edu.pe\/nportal\/wp-content\/uploads\/2023\/08\/Katia-Herminia-Ballon-Bernedo-Inicial-Primaria-Ingles.png 413w, https:\/\/colegiofraymartin.edu.pe\/nportal\/wp-content\/uploads\/2023\/08\/Katia-Herminia-Ballon-Bernedo-Inicial-Primaria-Ingles-233x300.png 233w\" sizes=\"(max-width: 413px) 100vw, 413px\" \/>\t\t\t\t\t\t\t\t\t\t\t\t\t<\/div>\n\t\t\t\t\t\t<div class=\"premium-person-info\">\n\t\t\t\t\t\t\t\t\t\t<div class=\"premium-person-info-container\">\n\t\t\t\t\t\t\t\t\t<h3 class=\"premium-person-name\">Katia Herminia Ballon Bernedo<\/h3>\n\t\t\t\t\t\t\t\t\t\t\t<div class=\"premium-person-content\">\n\t\t\t\t\t\t\t<p>Primaria Ingles.<\/p>\t\t\t\t\t\t<\/div>\n\t\t\t\t\t\t\t\t<\/div>\n\t\t\t\t\t\t\t\t\t<\/div>\n\t\t\t\t\t<\/div>\n\t\t\t\t\t\t\t\t\t\t<div class=\"premium-person-container premium-person-zoomin-effect\">\n\t\t\t\t\t\t<div class=\"premium-person-image-container\">\n\t\t\t\t\t\t<img loading=\"lazy\" decoding=\"async\" width=\"413\" height=\"531\" src=\"https:\/\/colegiofraymartin.edu.pe\/nportal\/wp-content\/uploads\/2023\/08\/Franklin-Raul-Zeballos-Beltran-Primaria-Ed.-Fisica.png\" class=\"attachment-full size-full wp-image-847\" alt=\"\" srcset=\"https:\/\/colegiofraymartin.edu.pe\/nportal\/wp-content\/uploads\/2023\/08\/Franklin-Raul-Zeballos-Beltran-Primaria-Ed.-Fisica.png 413w, https:\/\/colegiofraymartin.edu.pe\/nportal\/wp-content\/uploads\/2023\/08\/Franklin-Raul-Zeballos-Beltran-Primaria-Ed.-Fisica-233x300.png 233w\" sizes=\"(max-width: 413px) 100vw, 413px\" \/>\t\t\t\t\t\t\t\t\t\t\t\t\t<\/div>\n\t\t\t\t\t\t<div class=\"premium-person-info\">\n\t\t\t\t\t\t\t\t\t\t<div class=\"premium-person-info-container\">\n\t\t\t\t\t\t\t\t\t<h3 class=\"premium-person-name\">Franklin Raul Zeballos Beltran <\/h3>\n\t\t\t\t\t\t\t\t\t\t\t<div class=\"premium-person-content\">\n\t\t\t\t\t\t\t<p>Primaria Ed. Fisica.<\/p>\t\t\t\t\t\t<\/div>\n\t\t\t\t\t\t\t\t<\/div>\n\t\t\t\t\t\t\t\t\t<\/div>\n\t\t\t\t\t<\/div>\n\t\t\t\t\t\t\t\t\t\t<div class=\"premium-person-container premium-person-zoomin-effect\">\n\t\t\t\t\t\t<div class=\"premium-person-image-container\">\n\t\t\t\t\t\t<img loading=\"lazy\" decoding=\"async\" width=\"413\" height=\"531\" src=\"https:\/\/colegiofraymartin.edu.pe\/nportal\/wp-content\/uploads\/2023\/08\/Eva-Yoana-Apaza-Uscamayta-4\u00b0-5\u00b0-6\u00b0-Primaria-Secundaria-Computo.png\" class=\"attachment-full size-full wp-image-845\" alt=\"\" srcset=\"https:\/\/colegiofraymartin.edu.pe\/nportal\/wp-content\/uploads\/2023\/08\/Eva-Yoana-Apaza-Uscamayta-4\u00b0-5\u00b0-6\u00b0-Primaria-Secundaria-Computo.png 413w, https:\/\/colegiofraymartin.edu.pe\/nportal\/wp-content\/uploads\/2023\/08\/Eva-Yoana-Apaza-Uscamayta-4\u00b0-5\u00b0-6\u00b0-Primaria-Secundaria-Computo-233x300.png 233w\" sizes=\"(max-width: 413px) 100vw, 413px\" \/>\t\t\t\t\t\t\t\t\t\t\t\t\t<\/div>\n\t\t\t\t\t\t<div class=\"premium-person-info\">\n\t\t\t\t\t\t\t\t\t\t<div class=\"premium-person-info-container\">\n\t\t\t\t\t\t\t\t\t<h3 class=\"premium-person-name\">Eva Yoana Apaza Uscamayta<\/h3>\n\t\t\t\t\t\t\t\t\t\t\t<div class=\"premium-person-content\">\n\t\t\t\t\t\t\t<p>4\u00b0 5\u00b0 6\u00b0 Primaria &#8211; Computo.<\/p>\t\t\t\t\t\t<\/div>\n\t\t\t\t\t\t\t\t<\/div>\n\t\t\t\t\t\t\t\t\t<\/div>\n\t\t\t\t\t<\/div>\n\t\t\t\t\t\t\t\t\t\t<div class=\"premium-person-container premium-person-zoomin-effect\">\n\t\t\t\t\t\t<div class=\"premium-person-image-container\">\n\t\t\t\t\t\t\t\t\t\t\t\t\t\t\t\t\t\t\t<\/div>\n\t\t\t\t\t\t<div class=\"premium-person-info\">\n\t\t\t\t\t\t\t\t\t\t<div class=\"premium-person-info-container\">\n\t\t\t\t\t\t\t<\/div>\n\t\t\t\t\t\t\t\t\t<\/div>\n\t\t\t\t\t<\/div>\n\t\t\t\t\t\t\t<\/div>\n\t\t\t\t\t\t<\/div>\n\t\t\t\t<\/div>\n\t\t\t\t\t<\/div>\n\t\t<\/div>\n\t\t\t\t\t<\/div>\n\t\t<\/section>\n\t\t\t\t<section class=\"elementor-section elementor-top-section elementor-element elementor-element-f4cbb64 elementor-section-full_width elementor-section-stretched elementor-section-height-default elementor-section-height-default\" data-id=\"f4cbb64\" data-element_type=\"section\" data-settings=\"{&quot;stretch_section&quot;:&quot;section-stretched&quot;}\">\n\t\t\t\t\t\t<div class=\"elementor-container elementor-column-gap-default\">\n\t\t\t\t\t<div class=\"elementor-column elementor-col-100 elementor-top-column elementor-element elementor-element-bc8c455\" data-id=\"bc8c455\" data-element_type=\"column\">\n\t\t\t<div class=\"elementor-widget-wrap elementor-element-populated\">\n\t\t\t\t\t\t<div class=\"elementor-element elementor-element-ce0b210 premium-title-color elementor-widget elementor-widget-premium-addon-title\" data-id=\"ce0b210\" data-element_type=\"widget\" data-widget_type=\"premium-addon-title.default\">\n\t\t\t\t<div class=\"elementor-widget-container\">\n\t\t\t\t\t\n\t\t<div class=\"premium-title-container style6\">\n\t\t\t<h3 class=\"premium-title-header premium-title-style6\">\n\t\t\t\t\n\t\t\t\t\n\t\t\t\t\t\t\t\t\t\t\t\t<span class=\"premium-title-text\" >\n\t\t\t\t\tNivel Secundaria\t\t\t\t<\/span>\n\t\t\t\t\t\n\t\t\t\t\t\t\t\t\t\t\t<\/h3>\n\t\t<\/div>\n\n\t\t\t\t\t\t<\/div>\n\t\t\t\t<\/div>\n\t\t\t\t<section class=\"elementor-section elementor-inner-section elementor-element elementor-element-2e84900 elementor-section-boxed elementor-section-height-default elementor-section-height-default\" data-id=\"2e84900\" data-element_type=\"section\">\n\t\t\t\t\t\t<div class=\"elementor-container elementor-column-gap-default\">\n\t\t\t\t\t<div class=\"elementor-column elementor-col-50 elementor-inner-column elementor-element elementor-element-61477dc\" data-id=\"61477dc\" data-element_type=\"column\">\n\t\t\t<div class=\"elementor-widget-wrap elementor-element-populated\">\n\t\t\t\t\t\t<div class=\"elementor-element elementor-element-3a26749 elementor-widget elementor-widget-text-editor\" data-id=\"3a26749\" data-element_type=\"widget\" data-widget_type=\"text-editor.default\">\n\t\t\t\t<div class=\"elementor-widget-container\">\n\t\t\t\t\t\t\t\t\t<ul data-sourcepos=\"3:1-9:0\"><li data-sourcepos=\"3:1-3:125\">El Centro Educativo Fray Mart\u00edn es una instituci\u00f3n educativa que ofrece educaci\u00f3n de calidad a j\u00f3venes de nivel secundario.<\/li><li data-sourcepos=\"4:1-4:138\">El centro est\u00e1 comprometido con el desarrollo integral de sus alumnos, fortaleciendo sus habilidades sociales, cognitivas y emocionales.<\/li><li data-sourcepos=\"5:1-5:109\">El centro cuenta con un equipo docente altamente capacitado y comprometido con la educaci\u00f3n de sus alumnos.<\/li><li data-sourcepos=\"6:1-6:107\">El centro tiene un ambiente c\u00e1lido y acogedor que promueve el aprendizaje y el desarrollo de los j\u00f3venes.<\/li><li data-sourcepos=\"7:1-7:153\">El centro ofrece una variedad de actividades extracurriculares que complementan la educaci\u00f3n formal, tales como deportes, m\u00fasica, arte, danza y teatro.<\/li><li data-sourcepos=\"8:1-9:0\">El centro tiene una s\u00f3lida relaci\u00f3n con la comunidad, y participa en actividades que contribuyen al desarrollo social y cultural de la zona.<\/li><\/ul>\t\t\t\t\t\t\t\t<\/div>\n\t\t\t\t<\/div>\n\t\t\t\t\t<\/div>\n\t\t<\/div>\n\t\t\t\t<div class=\"elementor-column elementor-col-50 elementor-inner-column elementor-element elementor-element-7b2f4da\" data-id=\"7b2f4da\" data-element_type=\"column\">\n\t\t\t<div class=\"elementor-widget-wrap elementor-element-populated\">\n\t\t\t\t\t\t<div class=\"elementor-element elementor-element-8482c06 elementor-widget elementor-widget-google_maps\" data-id=\"8482c06\" data-element_type=\"widget\" data-widget_type=\"google_maps.default\">\n\t\t\t\t<div class=\"elementor-widget-container\">\n\t\t\t\t\t\t\t<div class=\"elementor-custom-embed\">\n\t\t\t<iframe loading=\"lazy\"\n\t\t\t\t\tsrc=\"https:\/\/maps.google.com\/maps?q=Calle%20Chimbote%20113%20Urb.%20San%20Martin%20de%20Socabaya.&#038;t=m&#038;z=17&#038;output=embed&#038;iwloc=near\"\n\t\t\t\t\ttitle=\"Calle Chimbote 113 Urb. San Martin de Socabaya.\"\n\t\t\t\t\taria-label=\"Calle Chimbote 113 Urb. San Martin de Socabaya.\"\n\t\t\t><\/iframe>\n\t\t<\/div>\n\t\t\t\t\t\t<\/div>\n\t\t\t\t<\/div>\n\t\t\t\t\t<\/div>\n\t\t<\/div>\n\t\t\t\t\t<\/div>\n\t\t<\/section>\n\t\t\t\t\t<\/div>\n\t\t<\/div>\n\t\t\t\t\t<\/div>\n\t\t<\/section>\n\t\t\t\t<section class=\"elementor-section elementor-top-section elementor-element elementor-element-bd89e12 elementor-section-stretched elementor-section-full_width elementor-section-height-default elementor-section-height-default\" data-id=\"bd89e12\" data-element_type=\"section\" data-settings=\"{&quot;stretch_section&quot;:&quot;section-stretched&quot;,&quot;background_background&quot;:&quot;classic&quot;}\">\n\t\t\t\t\t\t<div class=\"elementor-container elementor-column-gap-default\">\n\t\t\t\t\t<div class=\"elementor-column elementor-col-100 elementor-top-column elementor-element elementor-element-f9076ea\" data-id=\"f9076ea\" data-element_type=\"column\">\n\t\t\t<div class=\"elementor-widget-wrap elementor-element-populated\">\n\t\t\t\t\t\t<div class=\"elementor-element elementor-element-5fd8263 elementor-widget elementor-widget-heading\" data-id=\"5fd8263\" data-element_type=\"widget\" data-widget_type=\"heading.default\">\n\t\t\t\t<div class=\"elementor-widget-container\">\n\t\t\t\t\t<h3 class=\"elementor-heading-title elementor-size-default\">Nuestra plana docente especializada <\/h3>\t\t\t\t<\/div>\n\t\t\t\t<\/div>\n\t\t\t\t<div class=\"elementor-element elementor-element-7917abb premium-header-inline premium-lq__none premium-box-lq__none elementor-widget elementor-widget-premium-addon-dual-header\" data-id=\"7917abb\" data-element_type=\"widget\" data-settings=\"{&quot;_animation_tablet&quot;:&quot;none&quot;,&quot;_animation_mobile&quot;:&quot;none&quot;}\" data-widget_type=\"premium-addon-dual-header.default\">\n\t\t\t\t<div class=\"elementor-widget-container\">\n\t\t\t\t\t\n\t\t\t\t\t<h2 class=\"premium-dual-header-first-header \"><span class=\"premium-dual-header-first-span\">Nivel de <\/span><span class=\"premium-dual-header-second-header \">secundaria<\/span><\/h2> \t\t\n\t\t\t\t\t\t<\/div>\n\t\t\t\t<\/div>\n\t\t\t\t<div class=\"elementor-element elementor-element-3dd42c3 elementor-widget elementor-widget-text-editor\" data-id=\"3dd42c3\" data-element_type=\"widget\" data-widget_type=\"text-editor.default\">\n\t\t\t\t<div class=\"elementor-widget-container\">\n\t\t\t\t\t\t\t\t\t<p data-sourcepos=\"10:1-10:263\">El Centro Educativo Fray Mart\u00edn es una excelente opci\u00f3n para los padres que buscan una educaci\u00f3n de calidad para sus hijos. El centro ofrece un ambiente seguro y estimulante, un equipo docente altamente capacitado, y una variedad de actividades extracurriculares.<\/p><p data-sourcepos=\"12:1-12:200\">Adem\u00e1s, el Centro Educativo Fray Mart\u00edn ofrece una variedad de programas acad\u00e9micos que permiten a los j\u00f3venes desarrollar sus habilidades y alcanzar sus metas profesionales.<\/p>\t\t\t\t\t\t\t\t<\/div>\n\t\t\t\t<\/div>\n\t\t\t\t<div class=\"elementor-element elementor-element-ddc65b3 premium-person-defaults-yes elementor-widget elementor-widget-premium-addon-person\" data-id=\"ddc65b3\" data-element_type=\"widget\" data-settings=\"{&quot;persons_per_row&quot;:&quot;25%&quot;,&quot;persons_per_row_tablet&quot;:&quot;100%&quot;,&quot;persons_per_row_mobile&quot;:&quot;100%&quot;}\" data-widget_type=\"premium-addon-person.default\">\n\t\t\t\t<div class=\"elementor-widget-container\">\n\t\t\t\t\t\t\t<div class=\"premium-persons-container premium-person-style2 multiple-persons\" data-persons-equal=\"\">\n\t\t\t\t\t\t\t\t<div class=\"premium-person-container premium-person-zoomin-effect\">\n\t\t\t\t\t\t<div class=\"premium-person-image-container\">\n\t\t\t\t\t\t<img loading=\"lazy\" decoding=\"async\" width=\"413\" height=\"531\" src=\"https:\/\/colegiofraymartin.edu.pe\/nportal\/wp-content\/uploads\/2023\/08\/Romulo-Martin-Murillo-Leiva-Subdirector-Secundaria.png\" class=\"attachment-full size-full wp-image-864\" alt=\"\" srcset=\"https:\/\/colegiofraymartin.edu.pe\/nportal\/wp-content\/uploads\/2023\/08\/Romulo-Martin-Murillo-Leiva-Subdirector-Secundaria.png 413w, https:\/\/colegiofraymartin.edu.pe\/nportal\/wp-content\/uploads\/2023\/08\/Romulo-Martin-Murillo-Leiva-Subdirector-Secundaria-233x300.png 233w\" sizes=\"(max-width: 413px) 100vw, 413px\" \/>\t\t\t\t\t\t\t\t\t\t\t\t\t\t\t<div class=\"premium-person-social\">\n\t\t\t\t\t\t\t\t\t<ul class=\"premium-person-social-list\">\t\t\t\t<li class=\"elementor-icon premium-person-list-item premium-person-facebook\">\n\t\t\t\t\t<a href=\"#\" target=\"_blank\">\n\t\t\t\t\t\t<i class=\"fab fa-facebook-f\" aria-hidden=\"true\"><\/i>\n\t\t\t\t\t<\/a>\n\t\t\t\t<\/li>\n\t\t\t\t\t\t\t\t<li class=\"elementor-icon premium-person-list-item premium-person-linkedin\">\n\t\t\t\t\t<a href=\"#\" target=\"_blank\">\n\t\t\t\t\t\t<i class=\"fab fa-linkedin\" aria-hidden=\"true\"><\/i>\n\t\t\t\t\t<\/a>\n\t\t\t\t<\/li>\n\t\t\t\t\t\t\t\t<li class=\"elementor-icon premium-person-list-item premium-person-instagram\">\n\t\t\t\t\t<a href=\"#\" target=\"_blank\">\n\t\t\t\t\t\t<i class=\"fab fa-instagram\" aria-hidden=\"true\"><\/i>\n\t\t\t\t\t<\/a>\n\t\t\t\t<\/li>\n\t\t\t\t\t\t\t\t<li class=\"elementor-icon premium-person-list-item premium-person-dribbble\">\n\t\t\t\t\t<a href=\"#\" target=\"_blank\">\n\t\t\t\t\t\t<i class=\"fab fa-dribbble\" aria-hidden=\"true\"><\/i>\n\t\t\t\t\t<\/a>\n\t\t\t\t<\/li>\n\t\t\t\t<\/ul>\t\t\t\t\t\t\t\t<\/div>\n\t\t\t\t\t\t\t\t\t\t\t\t\t<\/div>\n\t\t\t\t\t\t<div class=\"premium-person-info\">\n\t\t\t\t\t\t\t\t\t\t<div class=\"premium-person-info-container\">\n\t\t\t\t\t\t\t\t\t<h3 class=\"premium-person-name\">R\u00f3mulo Martin Murillo Leiva<\/h3>\n\t\t\t\t\t\t\t\t\t\t\t<div class=\"premium-person-content\">\n\t\t\t\t\t\t\t<p>Subdirector Secundaria.<\/p>\t\t\t\t\t\t<\/div>\n\t\t\t\t\t\t\t\t<\/div>\n\t\t\t\t\t\t\t\t\t<\/div>\n\t\t\t\t\t<\/div>\n\t\t\t\t\t\t\t\t\t\t<div class=\"premium-person-container premium-person-zoomin-effect\">\n\t\t\t\t\t\t<div class=\"premium-person-image-container\">\n\t\t\t\t\t\t<img loading=\"lazy\" decoding=\"async\" width=\"413\" height=\"531\" src=\"https:\/\/colegiofraymartin.edu.pe\/nportal\/wp-content\/uploads\/2023\/08\/Amador-Juan-Cardenas-Ticona-Coordinador-de-Normas-Secundaria.png\" class=\"attachment-full size-full wp-image-840\" alt=\"\" srcset=\"https:\/\/colegiofraymartin.edu.pe\/nportal\/wp-content\/uploads\/2023\/08\/Amador-Juan-Cardenas-Ticona-Coordinador-de-Normas-Secundaria.png 413w, https:\/\/colegiofraymartin.edu.pe\/nportal\/wp-content\/uploads\/2023\/08\/Amador-Juan-Cardenas-Ticona-Coordinador-de-Normas-Secundaria-233x300.png 233w\" sizes=\"(max-width: 413px) 100vw, 413px\" \/>\t\t\t\t\t\t\t\t\t\t\t\t\t\t\t<div class=\"premium-person-social\">\n\t\t\t\t\t\t\t\t\t<ul class=\"premium-person-social-list\">\t\t\t\t<li class=\"elementor-icon premium-person-list-item premium-person-facebook\">\n\t\t\t\t\t<a href=\"#\" target=\"_blank\">\n\t\t\t\t\t\t<i class=\"fab fa-facebook-f\" aria-hidden=\"true\"><\/i>\n\t\t\t\t\t<\/a>\n\t\t\t\t<\/li>\n\t\t\t\t\t\t\t\t<li class=\"elementor-icon premium-person-list-item premium-person-youtube\">\n\t\t\t\t\t<a href=\"#\" target=\"_blank\">\n\t\t\t\t\t\t<i class=\"fab fa-youtube\" aria-hidden=\"true\"><\/i>\n\t\t\t\t\t<\/a>\n\t\t\t\t<\/li>\n\t\t\t\t\t\t\t\t<li class=\"elementor-icon premium-person-list-item premium-person-dribbble\">\n\t\t\t\t\t<a href=\"#\" target=\"_blank\">\n\t\t\t\t\t\t<i class=\"fab fa-dribbble\" aria-hidden=\"true\"><\/i>\n\t\t\t\t\t<\/a>\n\t\t\t\t<\/li>\n\t\t\t\t\t\t\t\t<li class=\"elementor-icon premium-person-list-item premium-person-behance\">\n\t\t\t\t\t<a href=\"#\" target=\"_blank\">\n\t\t\t\t\t\t<i class=\"fab fa-behance\" aria-hidden=\"true\"><\/i>\n\t\t\t\t\t<\/a>\n\t\t\t\t<\/li>\n\t\t\t\t<\/ul>\t\t\t\t\t\t\t\t<\/div>\n\t\t\t\t\t\t\t\t\t\t\t\t\t<\/div>\n\t\t\t\t\t\t<div class=\"premium-person-info\">\n\t\t\t\t\t\t\t\t\t\t<div class=\"premium-person-info-container\">\n\t\t\t\t\t\t\t\t\t<h3 class=\"premium-person-name\">Amador Juan Cardenas Ticona<\/h3>\n\t\t\t\t\t\t\t\t\t\t\t<div class=\"premium-person-content\">\n\t\t\t\t\t\t\t<p>Coordinador de Normas Secundaria.<\/p>\t\t\t\t\t\t<\/div>\n\t\t\t\t\t\t\t\t<\/div>\n\t\t\t\t\t\t\t\t\t<\/div>\n\t\t\t\t\t<\/div>\n\t\t\t\t\t\t\t\t\t\t<div class=\"premium-person-container premium-person-zoomin-effect\">\n\t\t\t\t\t\t<div class=\"premium-person-image-container\">\n\t\t\t\t\t\t<img loading=\"lazy\" decoding=\"async\" width=\"413\" height=\"531\" src=\"https:\/\/colegiofraymartin.edu.pe\/nportal\/wp-content\/uploads\/2023\/08\/Javier-Eugenio-Salazar-Alaysa-Auxiliar-de-Secundaria.png\" class=\"attachment-full size-full wp-image-849\" alt=\"\" srcset=\"https:\/\/colegiofraymartin.edu.pe\/nportal\/wp-content\/uploads\/2023\/08\/Javier-Eugenio-Salazar-Alaysa-Auxiliar-de-Secundaria.png 413w, https:\/\/colegiofraymartin.edu.pe\/nportal\/wp-content\/uploads\/2023\/08\/Javier-Eugenio-Salazar-Alaysa-Auxiliar-de-Secundaria-233x300.png 233w\" sizes=\"(max-width: 413px) 100vw, 413px\" \/>\t\t\t\t\t\t\t\t\t\t\t\t\t\t\t<div class=\"premium-person-social\">\n\t\t\t\t\t\t\t\t\t<ul class=\"premium-person-social-list\">\t\t\t\t<li class=\"elementor-icon premium-person-list-item premium-person-facebook\">\n\t\t\t\t\t<a href=\"#\" target=\"_blank\">\n\t\t\t\t\t\t<i class=\"fab fa-facebook-f\" aria-hidden=\"true\"><\/i>\n\t\t\t\t\t<\/a>\n\t\t\t\t<\/li>\n\t\t\t\t\t\t\t\t<li class=\"elementor-icon premium-person-list-item premium-person-instagram\">\n\t\t\t\t\t<a href=\"#\" target=\"_blank\">\n\t\t\t\t\t\t<i class=\"fab fa-instagram\" aria-hidden=\"true\"><\/i>\n\t\t\t\t\t<\/a>\n\t\t\t\t<\/li>\n\t\t\t\t\t\t\t\t<li class=\"elementor-icon premium-person-list-item premium-person-dribbble\">\n\t\t\t\t\t<a href=\"#\" target=\"_blank\">\n\t\t\t\t\t\t<i class=\"fab fa-dribbble\" aria-hidden=\"true\"><\/i>\n\t\t\t\t\t<\/a>\n\t\t\t\t<\/li>\n\t\t\t\t\t\t\t\t<li class=\"elementor-icon premium-person-list-item premium-person-behance\">\n\t\t\t\t\t<a href=\"#\" target=\"_blank\">\n\t\t\t\t\t\t<i class=\"fab fa-behance\" aria-hidden=\"true\"><\/i>\n\t\t\t\t\t<\/a>\n\t\t\t\t<\/li>\n\t\t\t\t<\/ul>\t\t\t\t\t\t\t\t<\/div>\n\t\t\t\t\t\t\t\t\t\t\t\t\t<\/div>\n\t\t\t\t\t\t<div class=\"premium-person-info\">\n\t\t\t\t\t\t\t\t\t\t<div class=\"premium-person-info-container\">\n\t\t\t\t\t\t\t\t\t<h3 class=\"premium-person-name\">Javier Eugenio Salazar Alaysa<\/h3>\n\t\t\t\t\t\t\t\t\t\t\t<div class=\"premium-person-content\">\n\t\t\t\t\t\t\t<p>Auxiliar de Secundaria.<\/p>\t\t\t\t\t\t<\/div>\n\t\t\t\t\t\t\t\t<\/div>\n\t\t\t\t\t\t\t\t\t<\/div>\n\t\t\t\t\t<\/div>\n\t\t\t\t\t\t\t\t\t\t<div class=\"premium-person-container premium-person-zoomin-effect\">\n\t\t\t\t\t\t<div class=\"premium-person-image-container\">\n\t\t\t\t\t\t<img loading=\"lazy\" decoding=\"async\" width=\"413\" height=\"531\" src=\"https:\/\/colegiofraymartin.edu.pe\/nportal\/wp-content\/uploads\/2023\/08\/Carlos-Alberto-Zavala-Chiroque-Comunicacion-Secundaria.png\" class=\"attachment-full size-full wp-image-842\" alt=\"\" srcset=\"https:\/\/colegiofraymartin.edu.pe\/nportal\/wp-content\/uploads\/2023\/08\/Carlos-Alberto-Zavala-Chiroque-Comunicacion-Secundaria.png 413w, https:\/\/colegiofraymartin.edu.pe\/nportal\/wp-content\/uploads\/2023\/08\/Carlos-Alberto-Zavala-Chiroque-Comunicacion-Secundaria-233x300.png 233w\" sizes=\"(max-width: 413px) 100vw, 413px\" \/>\t\t\t\t\t\t\t\t\t\t\t\t\t\t\t<div class=\"premium-person-social\">\n\t\t\t\t\t\t\t\t\t<ul class=\"premium-person-social-list\">\t\t\t\t<li class=\"elementor-icon premium-person-list-item premium-person-facebook\">\n\t\t\t\t\t<a href=\"#\" target=\"_blank\">\n\t\t\t\t\t\t<i class=\"fab fa-facebook-f\" aria-hidden=\"true\"><\/i>\n\t\t\t\t\t<\/a>\n\t\t\t\t<\/li>\n\t\t\t\t\t\t\t\t<li class=\"elementor-icon premium-person-list-item premium-person-pinterest\">\n\t\t\t\t\t<a href=\"#\" target=\"_blank\">\n\t\t\t\t\t\t<i class=\"fab fa-pinterest\" aria-hidden=\"true\"><\/i>\n\t\t\t\t\t<\/a>\n\t\t\t\t<\/li>\n\t\t\t\t\t\t\t\t<li class=\"elementor-icon premium-person-list-item premium-person-dribbble\">\n\t\t\t\t\t<a href=\"#\" target=\"_blank\">\n\t\t\t\t\t\t<i class=\"fab fa-dribbble\" aria-hidden=\"true\"><\/i>\n\t\t\t\t\t<\/a>\n\t\t\t\t<\/li>\n\t\t\t\t\t\t\t\t<li class=\"elementor-icon premium-person-list-item premium-person-behance\">\n\t\t\t\t\t<a href=\"#\" target=\"_blank\">\n\t\t\t\t\t\t<i class=\"fab fa-behance\" aria-hidden=\"true\"><\/i>\n\t\t\t\t\t<\/a>\n\t\t\t\t<\/li>\n\t\t\t\t<\/ul>\t\t\t\t\t\t\t\t<\/div>\n\t\t\t\t\t\t\t\t\t\t\t\t\t<\/div>\n\t\t\t\t\t\t<div class=\"premium-person-info\">\n\t\t\t\t\t\t\t\t\t\t<div class=\"premium-person-info-container\">\n\t\t\t\t\t\t\t\t\t<h3 class=\"premium-person-name\">Carlos Alberto Zavala Chiroque<\/h3>\n\t\t\t\t\t\t\t\t\t\t\t<div class=\"premium-person-content\">\n\t\t\t\t\t\t\t<p>Comunicaci\u00f3n Secundaria.<\/p>\t\t\t\t\t\t<\/div>\n\t\t\t\t\t\t\t\t<\/div>\n\t\t\t\t\t\t\t\t\t<\/div>\n\t\t\t\t\t<\/div>\n\t\t\t\t\t\t\t<\/div>\n\t\t\t\t\t\t<\/div>\n\t\t\t\t<\/div>\n\t\t\t\t<div class=\"elementor-element elementor-element-644d50b premium-person-defaults-yes elementor-widget elementor-widget-premium-addon-person\" data-id=\"644d50b\" data-element_type=\"widget\" data-settings=\"{&quot;persons_per_row&quot;:&quot;25%&quot;,&quot;persons_per_row_tablet&quot;:&quot;100%&quot;,&quot;persons_per_row_mobile&quot;:&quot;100%&quot;}\" data-widget_type=\"premium-addon-person.default\">\n\t\t\t\t<div class=\"elementor-widget-container\">\n\t\t\t\t\t\t\t<div class=\"premium-persons-container premium-person-style2 multiple-persons\" data-persons-equal=\"\">\n\t\t\t\t\t\t\t\t<div class=\"premium-person-container premium-person-zoomin-effect\">\n\t\t\t\t\t\t<div class=\"premium-person-image-container\">\n\t\t\t\t\t\t<img loading=\"lazy\" decoding=\"async\" width=\"413\" height=\"531\" src=\"https:\/\/colegiofraymartin.edu.pe\/nportal\/wp-content\/uploads\/2023\/08\/Jesus-Alan-Rojas-Fernandez-Matematica-Secundaria.png\" class=\"attachment-full size-full wp-image-850\" alt=\"\" srcset=\"https:\/\/colegiofraymartin.edu.pe\/nportal\/wp-content\/uploads\/2023\/08\/Jesus-Alan-Rojas-Fernandez-Matematica-Secundaria.png 413w, https:\/\/colegiofraymartin.edu.pe\/nportal\/wp-content\/uploads\/2023\/08\/Jesus-Alan-Rojas-Fernandez-Matematica-Secundaria-233x300.png 233w\" sizes=\"(max-width: 413px) 100vw, 413px\" \/>\t\t\t\t\t\t\t\t\t\t\t\t\t\t\t<div class=\"premium-person-social\">\n\t\t\t\t\t\t\t\t\t<ul class=\"premium-person-social-list\">\t\t\t\t<li class=\"elementor-icon premium-person-list-item premium-person-facebook\">\n\t\t\t\t\t<a href=\"#\" target=\"_blank\">\n\t\t\t\t\t\t<i class=\"fab fa-facebook-f\" aria-hidden=\"true\"><\/i>\n\t\t\t\t\t<\/a>\n\t\t\t\t<\/li>\n\t\t\t\t\t\t\t\t<li class=\"elementor-icon premium-person-list-item premium-person-youtube\">\n\t\t\t\t\t<a href=\"#\" target=\"_blank\">\n\t\t\t\t\t\t<i class=\"fab fa-youtube\" aria-hidden=\"true\"><\/i>\n\t\t\t\t\t<\/a>\n\t\t\t\t<\/li>\n\t\t\t\t\t\t\t\t<li class=\"elementor-icon premium-person-list-item premium-person-dribbble\">\n\t\t\t\t\t<a href=\"#\" target=\"_blank\">\n\t\t\t\t\t\t<i class=\"fab fa-dribbble\" aria-hidden=\"true\"><\/i>\n\t\t\t\t\t<\/a>\n\t\t\t\t<\/li>\n\t\t\t\t\t\t\t\t<li class=\"elementor-icon premium-person-list-item premium-person-behance\">\n\t\t\t\t\t<a href=\"#\" target=\"_blank\">\n\t\t\t\t\t\t<i class=\"fab fa-behance\" aria-hidden=\"true\"><\/i>\n\t\t\t\t\t<\/a>\n\t\t\t\t<\/li>\n\t\t\t\t<\/ul>\t\t\t\t\t\t\t\t<\/div>\n\t\t\t\t\t\t\t\t\t\t\t\t\t<\/div>\n\t\t\t\t\t\t<div class=\"premium-person-info\">\n\t\t\t\t\t\t\t\t\t\t<div class=\"premium-person-info-container\">\n\t\t\t\t\t\t\t\t\t<h3 class=\"premium-person-name\">Jesus Alan Rojas Fernandez<\/h3>\n\t\t\t\t\t\t\t\t\t\t\t<div class=\"premium-person-content\">\n\t\t\t\t\t\t\t<p>Matem\u00e1tica Secundaria.<\/p>\t\t\t\t\t\t<\/div>\n\t\t\t\t\t\t\t\t<\/div>\n\t\t\t\t\t\t\t\t\t<\/div>\n\t\t\t\t\t<\/div>\n\t\t\t\t\t\t\t\t\t\t<div class=\"premium-person-container premium-person-zoomin-effect\">\n\t\t\t\t\t\t<div class=\"premium-person-image-container\">\n\t\t\t\t\t\t<img loading=\"lazy\" decoding=\"async\" width=\"413\" height=\"531\" src=\"https:\/\/colegiofraymartin.edu.pe\/nportal\/wp-content\/uploads\/2023\/08\/Jonathan-Paul-Delgado-Carazas-Ciencias-Sociales-Secundaria.png\" class=\"attachment-full size-full wp-image-851\" alt=\"\" srcset=\"https:\/\/colegiofraymartin.edu.pe\/nportal\/wp-content\/uploads\/2023\/08\/Jonathan-Paul-Delgado-Carazas-Ciencias-Sociales-Secundaria.png 413w, https:\/\/colegiofraymartin.edu.pe\/nportal\/wp-content\/uploads\/2023\/08\/Jonathan-Paul-Delgado-Carazas-Ciencias-Sociales-Secundaria-233x300.png 233w\" sizes=\"(max-width: 413px) 100vw, 413px\" \/>\t\t\t\t\t\t\t\t\t\t\t\t\t\t\t<div class=\"premium-person-social\">\n\t\t\t\t\t\t\t\t\t<ul class=\"premium-person-social-list\">\t\t\t\t<li class=\"elementor-icon premium-person-list-item premium-person-facebook\">\n\t\t\t\t\t<a href=\"#\" target=\"_blank\">\n\t\t\t\t\t\t<i class=\"fab fa-facebook-f\" aria-hidden=\"true\"><\/i>\n\t\t\t\t\t<\/a>\n\t\t\t\t<\/li>\n\t\t\t\t\t\t\t\t<li class=\"elementor-icon premium-person-list-item premium-person-instagram\">\n\t\t\t\t\t<a href=\"#\" target=\"_blank\">\n\t\t\t\t\t\t<i class=\"fab fa-instagram\" aria-hidden=\"true\"><\/i>\n\t\t\t\t\t<\/a>\n\t\t\t\t<\/li>\n\t\t\t\t\t\t\t\t<li class=\"elementor-icon premium-person-list-item premium-person-dribbble\">\n\t\t\t\t\t<a href=\"#\" target=\"_blank\">\n\t\t\t\t\t\t<i class=\"fab fa-dribbble\" aria-hidden=\"true\"><\/i>\n\t\t\t\t\t<\/a>\n\t\t\t\t<\/li>\n\t\t\t\t\t\t\t\t<li class=\"elementor-icon premium-person-list-item premium-person-behance\">\n\t\t\t\t\t<a href=\"#\" target=\"_blank\">\n\t\t\t\t\t\t<i class=\"fab fa-behance\" aria-hidden=\"true\"><\/i>\n\t\t\t\t\t<\/a>\n\t\t\t\t<\/li>\n\t\t\t\t<\/ul>\t\t\t\t\t\t\t\t<\/div>\n\t\t\t\t\t\t\t\t\t\t\t\t\t<\/div>\n\t\t\t\t\t\t<div class=\"premium-person-info\">\n\t\t\t\t\t\t\t\t\t\t<div class=\"premium-person-info-container\">\n\t\t\t\t\t\t\t\t\t<h3 class=\"premium-person-name\">Jonathan Paul Delgado Carazas<\/h3>\n\t\t\t\t\t\t\t\t\t\t\t<div class=\"premium-person-content\">\n\t\t\t\t\t\t\t<p>Ciencias Sociales Secundaria.<\/p>\t\t\t\t\t\t<\/div>\n\t\t\t\t\t\t\t\t<\/div>\n\t\t\t\t\t\t\t\t\t<\/div>\n\t\t\t\t\t<\/div>\n\t\t\t\t\t\t\t\t\t\t<div class=\"premium-person-container premium-person-zoomin-effect\">\n\t\t\t\t\t\t<div class=\"premium-person-image-container\">\n\t\t\t\t\t\t<img loading=\"lazy\" decoding=\"async\" width=\"413\" height=\"531\" src=\"https:\/\/colegiofraymartin.edu.pe\/nportal\/wp-content\/uploads\/2023\/08\/Jorge-Luis-Delgado-Huayna-Fisica-Matematica-Secundaria.png\" class=\"attachment-full size-full wp-image-852\" alt=\"\" srcset=\"https:\/\/colegiofraymartin.edu.pe\/nportal\/wp-content\/uploads\/2023\/08\/Jorge-Luis-Delgado-Huayna-Fisica-Matematica-Secundaria.png 413w, https:\/\/colegiofraymartin.edu.pe\/nportal\/wp-content\/uploads\/2023\/08\/Jorge-Luis-Delgado-Huayna-Fisica-Matematica-Secundaria-233x300.png 233w\" sizes=\"(max-width: 413px) 100vw, 413px\" \/>\t\t\t\t\t\t\t\t\t\t\t\t\t\t\t<div class=\"premium-person-social\">\n\t\t\t\t\t\t\t\t\t<ul class=\"premium-person-social-list\">\t\t\t\t<li class=\"elementor-icon premium-person-list-item premium-person-facebook\">\n\t\t\t\t\t<a href=\"#\" target=\"_blank\">\n\t\t\t\t\t\t<i class=\"fab fa-facebook-f\" aria-hidden=\"true\"><\/i>\n\t\t\t\t\t<\/a>\n\t\t\t\t<\/li>\n\t\t\t\t\t\t\t\t<li class=\"elementor-icon premium-person-list-item premium-person-linkedin\">\n\t\t\t\t\t<a href=\"#\" target=\"_blank\">\n\t\t\t\t\t\t<i class=\"fab fa-linkedin\" aria-hidden=\"true\"><\/i>\n\t\t\t\t\t<\/a>\n\t\t\t\t<\/li>\n\t\t\t\t\t\t\t\t<li class=\"elementor-icon premium-person-list-item premium-person-instagram\">\n\t\t\t\t\t<a href=\"#\" target=\"_blank\">\n\t\t\t\t\t\t<i class=\"fab fa-instagram\" aria-hidden=\"true\"><\/i>\n\t\t\t\t\t<\/a>\n\t\t\t\t<\/li>\n\t\t\t\t\t\t\t\t<li class=\"elementor-icon premium-person-list-item premium-person-dribbble\">\n\t\t\t\t\t<a href=\"#\" target=\"_blank\">\n\t\t\t\t\t\t<i class=\"fab fa-dribbble\" aria-hidden=\"true\"><\/i>\n\t\t\t\t\t<\/a>\n\t\t\t\t<\/li>\n\t\t\t\t<\/ul>\t\t\t\t\t\t\t\t<\/div>\n\t\t\t\t\t\t\t\t\t\t\t\t\t<\/div>\n\t\t\t\t\t\t<div class=\"premium-person-info\">\n\t\t\t\t\t\t\t\t\t\t<div class=\"premium-person-info-container\">\n\t\t\t\t\t\t\t\t\t<h3 class=\"premium-person-name\">Jorge Luis Delgado Huayna<\/h3>\n\t\t\t\t\t\t\t\t\t\t\t<div class=\"premium-person-content\">\n\t\t\t\t\t\t\t<p>Fisica-Matematica Secundaria.<\/p>\t\t\t\t\t\t<\/div>\n\t\t\t\t\t\t\t\t<\/div>\n\t\t\t\t\t\t\t\t\t<\/div>\n\t\t\t\t\t<\/div>\n\t\t\t\t\t\t\t\t\t\t<div class=\"premium-person-container premium-person-zoomin-effect\">\n\t\t\t\t\t\t<div class=\"premium-person-image-container\">\n\t\t\t\t\t\t<img loading=\"lazy\" decoding=\"async\" width=\"413\" height=\"531\" src=\"https:\/\/colegiofraymartin.edu.pe\/nportal\/wp-content\/uploads\/2023\/08\/Marizabel-Mercado-Toledo-Secundaria-Ingles.png\" class=\"attachment-full size-full wp-image-861\" alt=\"\" srcset=\"https:\/\/colegiofraymartin.edu.pe\/nportal\/wp-content\/uploads\/2023\/08\/Marizabel-Mercado-Toledo-Secundaria-Ingles.png 413w, https:\/\/colegiofraymartin.edu.pe\/nportal\/wp-content\/uploads\/2023\/08\/Marizabel-Mercado-Toledo-Secundaria-Ingles-233x300.png 233w\" sizes=\"(max-width: 413px) 100vw, 413px\" \/>\t\t\t\t\t\t\t\t\t\t\t\t\t\t\t<div class=\"premium-person-social\">\n\t\t\t\t\t\t\t\t\t<ul class=\"premium-person-social-list\">\t\t\t\t<li class=\"elementor-icon premium-person-list-item premium-person-facebook\">\n\t\t\t\t\t<a href=\"#\" target=\"_blank\">\n\t\t\t\t\t\t<i class=\"fab fa-facebook-f\" aria-hidden=\"true\"><\/i>\n\t\t\t\t\t<\/a>\n\t\t\t\t<\/li>\n\t\t\t\t\t\t\t\t<li class=\"elementor-icon premium-person-list-item premium-person-pinterest\">\n\t\t\t\t\t<a href=\"#\" target=\"_blank\">\n\t\t\t\t\t\t<i class=\"fab fa-pinterest\" aria-hidden=\"true\"><\/i>\n\t\t\t\t\t<\/a>\n\t\t\t\t<\/li>\n\t\t\t\t\t\t\t\t<li class=\"elementor-icon premium-person-list-item premium-person-dribbble\">\n\t\t\t\t\t<a href=\"#\" target=\"_blank\">\n\t\t\t\t\t\t<i class=\"fab fa-dribbble\" aria-hidden=\"true\"><\/i>\n\t\t\t\t\t<\/a>\n\t\t\t\t<\/li>\n\t\t\t\t\t\t\t\t<li class=\"elementor-icon premium-person-list-item premium-person-behance\">\n\t\t\t\t\t<a href=\"#\" target=\"_blank\">\n\t\t\t\t\t\t<i class=\"fab fa-behance\" aria-hidden=\"true\"><\/i>\n\t\t\t\t\t<\/a>\n\t\t\t\t<\/li>\n\t\t\t\t<\/ul>\t\t\t\t\t\t\t\t<\/div>\n\t\t\t\t\t\t\t\t\t\t\t\t\t<\/div>\n\t\t\t\t\t\t<div class=\"premium-person-info\">\n\t\t\t\t\t\t\t\t\t\t<div class=\"premium-person-info-container\">\n\t\t\t\t\t\t\t\t\t<h3 class=\"premium-person-name\">Marizabel Mercado Toledo<\/h3>\n\t\t\t\t\t\t\t\t\t\t\t<div class=\"premium-person-content\">\n\t\t\t\t\t\t\t<p>Ingles Secundaria.<\/p>\t\t\t\t\t\t<\/div>\n\t\t\t\t\t\t\t\t<\/div>\n\t\t\t\t\t\t\t\t\t<\/div>\n\t\t\t\t\t<\/div>\n\t\t\t\t\t\t\t<\/div>\n\t\t\t\t\t\t<\/div>\n\t\t\t\t<\/div>\n\t\t\t\t<div class=\"elementor-element elementor-element-1223d0f premium-person-defaults-yes elementor-widget elementor-widget-premium-addon-person\" data-id=\"1223d0f\" data-element_type=\"widget\" data-settings=\"{&quot;persons_per_row&quot;:&quot;25%&quot;,&quot;persons_per_row_tablet&quot;:&quot;100%&quot;,&quot;persons_per_row_mobile&quot;:&quot;100%&quot;}\" data-widget_type=\"premium-addon-person.default\">\n\t\t\t\t<div class=\"elementor-widget-container\">\n\t\t\t\t\t\t\t<div class=\"premium-persons-container premium-person-style2 multiple-persons\" data-persons-equal=\"\">\n\t\t\t\t\t\t\t\t<div class=\"premium-person-container premium-person-zoomin-effect\">\n\t\t\t\t\t\t<div class=\"premium-person-image-container\">\n\t\t\t\t\t\t<img loading=\"lazy\" decoding=\"async\" width=\"413\" height=\"531\" src=\"https:\/\/colegiofraymartin.edu.pe\/nportal\/wp-content\/uploads\/2023\/08\/Eva-Yoana-Apaza-Uscamayta-4\u00b0-5\u00b0-6\u00b0-Primaria-Secundaria-Computo.png\" class=\"attachment-full size-full wp-image-845\" alt=\"\" srcset=\"https:\/\/colegiofraymartin.edu.pe\/nportal\/wp-content\/uploads\/2023\/08\/Eva-Yoana-Apaza-Uscamayta-4\u00b0-5\u00b0-6\u00b0-Primaria-Secundaria-Computo.png 413w, https:\/\/colegiofraymartin.edu.pe\/nportal\/wp-content\/uploads\/2023\/08\/Eva-Yoana-Apaza-Uscamayta-4\u00b0-5\u00b0-6\u00b0-Primaria-Secundaria-Computo-233x300.png 233w\" sizes=\"(max-width: 413px) 100vw, 413px\" \/>\t\t\t\t\t\t\t\t\t\t\t\t\t\t\t<div class=\"premium-person-social\">\n\t\t\t\t\t\t\t\t\t<ul class=\"premium-person-social-list\">\t\t\t\t<li class=\"elementor-icon premium-person-list-item premium-person-facebook\">\n\t\t\t\t\t<a href=\"#\" target=\"_blank\">\n\t\t\t\t\t\t<i class=\"fab fa-facebook-f\" aria-hidden=\"true\"><\/i>\n\t\t\t\t\t<\/a>\n\t\t\t\t<\/li>\n\t\t\t\t\t\t\t\t<li class=\"elementor-icon premium-person-list-item premium-person-youtube\">\n\t\t\t\t\t<a href=\"#\" target=\"_blank\">\n\t\t\t\t\t\t<i class=\"fab fa-youtube\" aria-hidden=\"true\"><\/i>\n\t\t\t\t\t<\/a>\n\t\t\t\t<\/li>\n\t\t\t\t\t\t\t\t<li class=\"elementor-icon premium-person-list-item premium-person-dribbble\">\n\t\t\t\t\t<a href=\"#\" target=\"_blank\">\n\t\t\t\t\t\t<i class=\"fab fa-dribbble\" aria-hidden=\"true\"><\/i>\n\t\t\t\t\t<\/a>\n\t\t\t\t<\/li>\n\t\t\t\t\t\t\t\t<li class=\"elementor-icon premium-person-list-item premium-person-behance\">\n\t\t\t\t\t<a href=\"#\" target=\"_blank\">\n\t\t\t\t\t\t<i class=\"fab fa-behance\" aria-hidden=\"true\"><\/i>\n\t\t\t\t\t<\/a>\n\t\t\t\t<\/li>\n\t\t\t\t<\/ul>\t\t\t\t\t\t\t\t<\/div>\n\t\t\t\t\t\t\t\t\t\t\t\t\t<\/div>\n\t\t\t\t\t\t<div class=\"premium-person-info\">\n\t\t\t\t\t\t\t\t\t\t<div class=\"premium-person-info-container\">\n\t\t\t\t\t\t\t\t\t<h3 class=\"premium-person-name\">Eva Yoana Apaza Uscamayta<\/h3>\n\t\t\t\t\t\t\t\t\t\t\t<div class=\"premium-person-content\">\n\t\t\t\t\t\t\t<p>Secundaria C\u00f3mputo.<\/p>\t\t\t\t\t\t<\/div>\n\t\t\t\t\t\t\t\t<\/div>\n\t\t\t\t\t\t\t\t\t<\/div>\n\t\t\t\t\t<\/div>\n\t\t\t\t\t\t\t\t\t\t<div class=\"premium-person-container premium-person-zoomin-effect\">\n\t\t\t\t\t\t<div class=\"premium-person-image-container\">\n\t\t\t\t\t\t<img loading=\"lazy\" decoding=\"async\" width=\"413\" height=\"531\" src=\"https:\/\/colegiofraymartin.edu.pe\/nportal\/wp-content\/uploads\/2023\/08\/Helbert-Anderson-Diaz-Sarmiento-Secundaria-Ed.-Fisica.png\" class=\"attachment-full size-full wp-image-848\" alt=\"\" srcset=\"https:\/\/colegiofraymartin.edu.pe\/nportal\/wp-content\/uploads\/2023\/08\/Helbert-Anderson-Diaz-Sarmiento-Secundaria-Ed.-Fisica.png 413w, https:\/\/colegiofraymartin.edu.pe\/nportal\/wp-content\/uploads\/2023\/08\/Helbert-Anderson-Diaz-Sarmiento-Secundaria-Ed.-Fisica-233x300.png 233w\" sizes=\"(max-width: 413px) 100vw, 413px\" \/>\t\t\t\t\t\t\t\t\t\t\t\t\t\t\t<div class=\"premium-person-social\">\n\t\t\t\t\t\t\t\t\t<ul class=\"premium-person-social-list\">\t\t\t\t<li class=\"elementor-icon premium-person-list-item premium-person-facebook\">\n\t\t\t\t\t<a href=\"#\" target=\"_blank\">\n\t\t\t\t\t\t<i class=\"fab fa-facebook-f\" aria-hidden=\"true\"><\/i>\n\t\t\t\t\t<\/a>\n\t\t\t\t<\/li>\n\t\t\t\t\t\t\t\t<li class=\"elementor-icon premium-person-list-item premium-person-instagram\">\n\t\t\t\t\t<a href=\"#\" target=\"_blank\">\n\t\t\t\t\t\t<i class=\"fab fa-instagram\" aria-hidden=\"true\"><\/i>\n\t\t\t\t\t<\/a>\n\t\t\t\t<\/li>\n\t\t\t\t\t\t\t\t<li class=\"elementor-icon premium-person-list-item premium-person-dribbble\">\n\t\t\t\t\t<a href=\"#\" target=\"_blank\">\n\t\t\t\t\t\t<i class=\"fab fa-dribbble\" aria-hidden=\"true\"><\/i>\n\t\t\t\t\t<\/a>\n\t\t\t\t<\/li>\n\t\t\t\t\t\t\t\t<li class=\"elementor-icon premium-person-list-item premium-person-behance\">\n\t\t\t\t\t<a href=\"#\" target=\"_blank\">\n\t\t\t\t\t\t<i class=\"fab fa-behance\" aria-hidden=\"true\"><\/i>\n\t\t\t\t\t<\/a>\n\t\t\t\t<\/li>\n\t\t\t\t<\/ul>\t\t\t\t\t\t\t\t<\/div>\n\t\t\t\t\t\t\t\t\t\t\t\t\t<\/div>\n\t\t\t\t\t\t<div class=\"premium-person-info\">\n\t\t\t\t\t\t\t\t\t\t<div class=\"premium-person-info-container\">\n\t\t\t\t\t\t\t\t\t<h3 class=\"premium-person-name\">Helbert Anderson D\u00edaz Sarmiento<\/h3>\n\t\t\t\t\t\t\t\t\t\t\t<div class=\"premium-person-content\">\n\t\t\t\t\t\t\t<p>Secundaria Ed. Fisica.<\/p>\t\t\t\t\t\t<\/div>\n\t\t\t\t\t\t\t\t<\/div>\n\t\t\t\t\t\t\t\t\t<\/div>\n\t\t\t\t\t<\/div>\n\t\t\t\t\t\t\t\t\t\t<div class=\"premium-person-container premium-person-zoomin-effect\">\n\t\t\t\t\t\t<div class=\"premium-person-image-container\">\n\t\t\t\t\t\t<img loading=\"lazy\" decoding=\"async\" width=\"413\" height=\"531\" src=\"https:\/\/colegiofraymartin.edu.pe\/nportal\/wp-content\/uploads\/2023\/08\/Victor-Marciano-Fernandez-Pinto-Biologia-Quimica-Secundaria.png\" class=\"attachment-full size-full wp-image-869\" alt=\"\" srcset=\"https:\/\/colegiofraymartin.edu.pe\/nportal\/wp-content\/uploads\/2023\/08\/Victor-Marciano-Fernandez-Pinto-Biologia-Quimica-Secundaria.png 413w, https:\/\/colegiofraymartin.edu.pe\/nportal\/wp-content\/uploads\/2023\/08\/Victor-Marciano-Fernandez-Pinto-Biologia-Quimica-Secundaria-233x300.png 233w\" sizes=\"(max-width: 413px) 100vw, 413px\" \/>\t\t\t\t\t\t\t\t\t\t\t\t\t\t\t<div class=\"premium-person-social\">\n\t\t\t\t\t\t\t\t\t<ul class=\"premium-person-social-list\">\t\t\t\t<li class=\"elementor-icon premium-person-list-item premium-person-facebook\">\n\t\t\t\t\t<a href=\"#\" target=\"_blank\">\n\t\t\t\t\t\t<i class=\"fab fa-facebook-f\" aria-hidden=\"true\"><\/i>\n\t\t\t\t\t<\/a>\n\t\t\t\t<\/li>\n\t\t\t\t\t\t\t\t<li class=\"elementor-icon premium-person-list-item premium-person-linkedin\">\n\t\t\t\t\t<a href=\"#\" target=\"_blank\">\n\t\t\t\t\t\t<i class=\"fab fa-linkedin\" aria-hidden=\"true\"><\/i>\n\t\t\t\t\t<\/a>\n\t\t\t\t<\/li>\n\t\t\t\t\t\t\t\t<li class=\"elementor-icon premium-person-list-item premium-person-instagram\">\n\t\t\t\t\t<a href=\"#\" target=\"_blank\">\n\t\t\t\t\t\t<i class=\"fab fa-instagram\" aria-hidden=\"true\"><\/i>\n\t\t\t\t\t<\/a>\n\t\t\t\t<\/li>\n\t\t\t\t\t\t\t\t<li class=\"elementor-icon premium-person-list-item premium-person-dribbble\">\n\t\t\t\t\t<a href=\"#\" target=\"_blank\">\n\t\t\t\t\t\t<i class=\"fab fa-dribbble\" aria-hidden=\"true\"><\/i>\n\t\t\t\t\t<\/a>\n\t\t\t\t<\/li>\n\t\t\t\t<\/ul>\t\t\t\t\t\t\t\t<\/div>\n\t\t\t\t\t\t\t\t\t\t\t\t\t<\/div>\n\t\t\t\t\t\t<div class=\"premium-person-info\">\n\t\t\t\t\t\t\t\t\t\t<div class=\"premium-person-info-container\">\n\t\t\t\t\t\t\t\t\t<h3 class=\"premium-person-name\">Victor Fern\u00e1ndez Pinto <\/h3>\n\t\t\t\t\t\t\t\t\t\t\t<div class=\"premium-person-content\">\n\t\t\t\t\t\t\t<p>Biologia-Qu\u00edmica Secundaria.<\/p>\t\t\t\t\t\t<\/div>\n\t\t\t\t\t\t\t\t<\/div>\n\t\t\t\t\t\t\t\t\t<\/div>\n\t\t\t\t\t<\/div>\n\t\t\t\t\t\t\t\t\t\t<div class=\"premium-person-container premium-person-zoomin-effect\">\n\t\t\t\t\t\t<div class=\"premium-person-image-container\">\n\t\t\t\t\t\t<img loading=\"lazy\" decoding=\"async\" width=\"413\" height=\"531\" src=\"https:\/\/colegiofraymartin.edu.pe\/nportal\/wp-content\/uploads\/2023\/08\/Milagros-Maria-Zuniga-Ccahuana-DPCC-Arte-y-Cultura-Secundaria.png\" class=\"attachment-full size-full wp-image-862\" alt=\"\" srcset=\"https:\/\/colegiofraymartin.edu.pe\/nportal\/wp-content\/uploads\/2023\/08\/Milagros-Maria-Zuniga-Ccahuana-DPCC-Arte-y-Cultura-Secundaria.png 413w, https:\/\/colegiofraymartin.edu.pe\/nportal\/wp-content\/uploads\/2023\/08\/Milagros-Maria-Zuniga-Ccahuana-DPCC-Arte-y-Cultura-Secundaria-233x300.png 233w\" sizes=\"(max-width: 413px) 100vw, 413px\" \/>\t\t\t\t\t\t\t\t\t\t\t\t\t\t\t<div class=\"premium-person-social\">\n\t\t\t\t\t\t\t\t\t<ul class=\"premium-person-social-list\">\t\t\t\t<li class=\"elementor-icon premium-person-list-item premium-person-facebook\">\n\t\t\t\t\t<a href=\"#\" target=\"_blank\">\n\t\t\t\t\t\t<i class=\"fab fa-facebook-f\" aria-hidden=\"true\"><\/i>\n\t\t\t\t\t<\/a>\n\t\t\t\t<\/li>\n\t\t\t\t\t\t\t\t<li class=\"elementor-icon premium-person-list-item premium-person-pinterest\">\n\t\t\t\t\t<a href=\"#\" target=\"_blank\">\n\t\t\t\t\t\t<i class=\"fab fa-pinterest\" aria-hidden=\"true\"><\/i>\n\t\t\t\t\t<\/a>\n\t\t\t\t<\/li>\n\t\t\t\t\t\t\t\t<li class=\"elementor-icon premium-person-list-item premium-person-dribbble\">\n\t\t\t\t\t<a href=\"#\" target=\"_blank\">\n\t\t\t\t\t\t<i class=\"fab fa-dribbble\" aria-hidden=\"true\"><\/i>\n\t\t\t\t\t<\/a>\n\t\t\t\t<\/li>\n\t\t\t\t\t\t\t\t<li class=\"elementor-icon premium-person-list-item premium-person-behance\">\n\t\t\t\t\t<a href=\"#\" target=\"_blank\">\n\t\t\t\t\t\t<i class=\"fab fa-behance\" aria-hidden=\"true\"><\/i>\n\t\t\t\t\t<\/a>\n\t\t\t\t<\/li>\n\t\t\t\t<\/ul>\t\t\t\t\t\t\t\t<\/div>\n\t\t\t\t\t\t\t\t\t\t\t\t\t<\/div>\n\t\t\t\t\t\t<div class=\"premium-person-info\">\n\t\t\t\t\t\t\t\t\t\t<div class=\"premium-person-info-container\">\n\t\t\t\t\t\t\t\t\t<h3 class=\"premium-person-name\">Milagros Maria Zu\u00f1iga Ccahuana<\/h3>\n\t\t\t\t\t\t\t\t\t\t\t<div class=\"premium-person-content\">\n\t\t\t\t\t\t\t<p>DPCC Arte y Cultura Secundaria.<\/p>\t\t\t\t\t\t<\/div>\n\t\t\t\t\t\t\t\t<\/div>\n\t\t\t\t\t\t\t\t\t<\/div>\n\t\t\t\t\t<\/div>\n\t\t\t\t\t\t\t<\/div>\n\t\t\t\t\t\t<\/div>\n\t\t\t\t<\/div>\n\t\t\t\t\t<\/div>\n\t\t<\/div>\n\t\t\t\t\t<\/div>\n\t\t<\/section>\n\t\t\t\t<section class=\"elementor-section elementor-top-section elementor-element elementor-element-5b52bdfc elementor-section-stretched elementor-section-content-middle elementor-section-boxed elementor-section-height-default elementor-section-height-default\" data-id=\"5b52bdfc\" data-element_type=\"section\" data-settings=\"{&quot;stretch_section&quot;:&quot;section-stretched&quot;,&quot;background_background&quot;:&quot;classic&quot;,&quot;shape_divider_bottom&quot;:&quot;pyramids&quot;,&quot;shape_divider_bottom_negative&quot;:&quot;yes&quot;}\">\n\t\t\t\t\t\t\t<div class=\"elementor-background-overlay\"><\/div>\n\t\t\t\t\t\t<div class=\"elementor-shape elementor-shape-bottom\" aria-hidden=\"true\" data-negative=\"true\">\n\t\t\t<svg xmlns=\"http:\/\/www.w3.org\/2000\/svg\" viewBox=\"0 0 1000 100\" preserveAspectRatio=\"none\">\n\t<path class=\"elementor-shape-fill\" d=\"M761.9,40.6L643.1,24L333.9,93.8L0.1,1H0v99h1000V1\"\/>\n<\/svg>\t\t<\/div>\n\t\t\t\t\t<div class=\"elementor-container elementor-column-gap-default\">\n\t\t\t\t\t<div class=\"elementor-column elementor-col-100 elementor-top-column elementor-element elementor-element-6a48f82e\" data-id=\"6a48f82e\" data-element_type=\"column\" data-settings=\"{&quot;background_background&quot;:&quot;classic&quot;}\">\n\t\t\t<div class=\"elementor-widget-wrap elementor-element-populated\">\n\t\t\t\t\t<div class=\"elementor-background-overlay\"><\/div>\n\t\t\t\t\t\t<div class=\"elementor-element elementor-element-3fed0d86 elementor-widget elementor-widget-heading\" data-id=\"3fed0d86\" data-element_type=\"widget\" data-settings=\"{&quot;_animation_mobile&quot;:&quot;none&quot;}\" data-widget_type=\"heading.default\">\n\t\t\t\t<div class=\"elementor-widget-container\">\n\t\t\t\t\t<h4 class=\"elementor-heading-title elementor-size-default\">Nuestros Profesionales<\/h4>\t\t\t\t<\/div>\n\t\t\t\t<\/div>\n\t\t\t\t<div class=\"elementor-element elementor-element-983a6bc elementor-widget elementor-widget-heading\" data-id=\"983a6bc\" data-element_type=\"widget\" data-settings=\"{&quot;_animation_mobile&quot;:&quot;none&quot;}\" data-widget_type=\"heading.default\">\n\t\t\t\t<div class=\"elementor-widget-container\">\n\t\t\t\t\t<h2 class=\"elementor-heading-title elementor-size-default\">Apoyo administrativo<\/h2>\t\t\t\t<\/div>\n\t\t\t\t<\/div>\n\t\t\t\t<section class=\"elementor-section elementor-inner-section elementor-element elementor-element-eb1401e elementor-section-boxed elementor-section-height-default elementor-section-height-default\" data-id=\"eb1401e\" data-element_type=\"section\">\n\t\t\t\t\t\t<div class=\"elementor-container elementor-column-gap-default\">\n\t\t\t\t\t<div class=\"elementor-column elementor-col-50 elementor-inner-column elementor-element elementor-element-720744a\" data-id=\"720744a\" data-element_type=\"column\">\n\t\t\t<div class=\"elementor-widget-wrap elementor-element-populated\">\n\t\t\t\t\t\t<div class=\"elementor-element elementor-element-60f75f7c premium-testimonial__skin1 elementor-widget elementor-widget-premium-addon-testimonials\" data-id=\"60f75f7c\" data-element_type=\"widget\" data-settings=\"{&quot;skin&quot;:&quot;skin1&quot;,&quot;img_position&quot;:&quot;relative&quot;,&quot;arrows_lq_effect&quot;:&quot;none&quot;}\" data-widget_type=\"premium-addon-testimonials.default\">\n\t\t\t\t<div class=\"elementor-widget-container\">\n\t\t\t\t\t\n\t\t\n\t\t<div class=\"premium-testimonial-box\">\n\n\t\t\t\n\t\t\t\t<div class=\"premium-testimonial-container\">\n\n\t\t\t\t\t\t\t\t\t\t\t<div class=\"premium-testimonial-upper-quote\">\n\t\t\t\t\t\t\t<svg id=\"Layer_1\" class=\"premium-testimonial-quote\" xmlns=\"http:\/\/www.w3.org\/2000\/svg\" aria-hidden=\"true\" width=\"48\" height=\"37\" viewBox=\"0 0 48 37\"><path d=\"m37,37c6.07,0,11-4.93,11-11s-4.93-11-11-11c-.32,0-.63.02-.94.05.54-4.81,2.18-9.43,4.79-13.52.19-.31.2-.7.03-1.01-.18-.32-.51-.52-.88-.52h-2c-.27,0-.54.11-.73.31-5.14,5.41-11.27,14.26-11.27,25.69,0,6.07,4.93,10.99,11,11h0Zm-26,0c6.07,0,11-4.93,11-11s-4.93-11-11-11c-.32,0-.63.02-.94.05.54-4.81,2.18-9.43,4.79-13.52.19-.31.2-.7.03-1.01-.18-.32-.51-.52-.87-.52h-2c-.27,0-.54.11-.73.31C6.13,5.72,0,14.57,0,26c0,6.07,4.93,10.99,11,11h0Zm0,0\"\/><\/svg>\t\t\t\t\t\t<\/div>\n\t\t\t\t\t\n\t\t\t\t\t<div class=\"premium-testimonial-content-wrapper\">\n\n\t\t\t\t\t\t\n\t\t\t\t\t\t<div class=\"premium-testimonial-text-wrapper\">\n\t\t\t\t\t\t\t<div >\n\t\t\t\t\t\t\t\t<p>La secretaria general es una pieza clave del equipo de administraci\u00f3n. Es responsable de proporcionar apoyo administrativo al colegio, as\u00ed como de organizar y coordinar eventos y reuniones. La secretaria general se caracteriza por se organizada, detallista y tener excelentes habilidades de comunicaci\u00f3n<\/p>\t\t\t\t\t\t\t<\/div>\n\t\t\t\t\t\t<\/div>\n\n\t\t\t\t\t\t\n\t\t\t\t\t\t\n\n\t\t\t\t\t\t\t\t\t\t\t\t\t\t\t<div class=\"premium-testimonial-img-wrapper\">\n\t\t\t\t\t\t\t\t\t<img decoding=\"async\" src=\"https:\/\/colegiofraymartin.edu.pe\/nportal\/wp-content\/uploads\/2023\/08\/Zaida-Nataly-Chambi-Puma-Secretaria-General.png\" alt=\"Zaida Nataly Chambi Puma Secretaria General\" class=\"premium-testimonial-person-image\">\n\t\t\t\t\t\t\t\t<\/div>\n\t\t\t\t\t\t\t\n\n\t\t\t\t\t\t\t<div class=\"premium-testimonial-author-info\">\n\t\t\t\t\t\t\t\t<h4 class=\"premium-testimonial-person-name\">\n\t\t\t\t\t\t\t\t\t<span >\n\t\t\t\t\t\t\t\t\t\tZaida Nataly Chambi Puma\t\t\t\t\t\t\t\t\t<\/span>\n\t\t\t\t\t\t\t\t<\/h4>\n\n\t\t\t\t\t\t\t\t\t\t\t\t\t\t\t\t\t<h5 class=\"premium-testimonial-job\">\n\t\t\t\t\t\t\t\t\t\t\t\t\t\t\t\t\t\t\t<a target=\"_blank\" class=\"premium-testimonial-company-link\">\n\t\t\t\t\t\t\t\t\t\t\t<span >\n\t\t\t\t\t\t\t\t\t\t\t\tSecretaria General\t\t\t\t\t\t\t\t\t\t\t<\/span>\n\t\t\t\t\t\t\t\t\t\t<\/a>\n\t\t\t\t\t\t\t\t\t\t\t\t\t\t\t\t\t\t<\/h5>\n\t\t\t\t\t\t\t\t\t\t\t\t\t\t\t<\/div>\n\n\t\t\t\t\t\t\n\t\t\t\t\t<\/div>\n\n\t\t\t\t\t\t\t\t\t\t\t<div class=\"premium-testimonial-lower-quote\">\n\t\t\t\t\t\t\t<svg id=\"Layer_1\" class=\"premium-testimonial-quote\" xmlns=\"http:\/\/www.w3.org\/2000\/svg\" aria-hidden=\"true\" width=\"48\" height=\"37\" viewBox=\"0 0 48 37\"><path d=\"m37,37c6.07,0,11-4.93,11-11s-4.93-11-11-11c-.32,0-.63.02-.94.05.54-4.81,2.18-9.43,4.79-13.52.19-.31.2-.7.03-1.01-.18-.32-.51-.52-.88-.52h-2c-.27,0-.54.11-.73.31-5.14,5.41-11.27,14.26-11.27,25.69,0,6.07,4.93,10.99,11,11h0Zm-26,0c6.07,0,11-4.93,11-11s-4.93-11-11-11c-.32,0-.63.02-.94.05.54-4.81,2.18-9.43,4.79-13.52.19-.31.2-.7.03-1.01-.18-.32-.51-.52-.87-.52h-2c-.27,0-.54.11-.73.31C6.13,5.72,0,14.57,0,26c0,6.07,4.93,10.99,11,11h0Zm0,0\"\/><\/svg>\t\t\t\t\t\t<\/div>\n\t\t\t\t\t\t\t\t\t<\/div>\n\n\t\t\t\n\n\t\t<\/div>\n\t\t\t\t\t\t<\/div>\n\t\t\t\t<\/div>\n\t\t\t\t\t<\/div>\n\t\t<\/div>\n\t\t\t\t<div class=\"elementor-column elementor-col-50 elementor-inner-column elementor-element elementor-element-c735ac3\" data-id=\"c735ac3\" data-element_type=\"column\">\n\t\t\t<div class=\"elementor-widget-wrap elementor-element-populated\">\n\t\t\t\t\t\t<div class=\"elementor-element elementor-element-693c186 premium-testimonial__skin1 elementor-widget elementor-widget-premium-addon-testimonials\" data-id=\"693c186\" data-element_type=\"widget\" data-settings=\"{&quot;skin&quot;:&quot;skin1&quot;,&quot;img_position&quot;:&quot;relative&quot;,&quot;arrows_lq_effect&quot;:&quot;none&quot;}\" data-widget_type=\"premium-addon-testimonials.default\">\n\t\t\t\t<div class=\"elementor-widget-container\">\n\t\t\t\t\t\n\t\t\n\t\t<div class=\"premium-testimonial-box\">\n\n\t\t\t\n\t\t\t\t<div class=\"premium-testimonial-container\">\n\n\t\t\t\t\t\t\t\t\t\t\t<div class=\"premium-testimonial-upper-quote\">\n\t\t\t\t\t\t\t<svg id=\"Layer_1\" class=\"premium-testimonial-quote\" xmlns=\"http:\/\/www.w3.org\/2000\/svg\" aria-hidden=\"true\" width=\"48\" height=\"37\" viewBox=\"0 0 48 37\"><path d=\"m37,37c6.07,0,11-4.93,11-11s-4.93-11-11-11c-.32,0-.63.02-.94.05.54-4.81,2.18-9.43,4.79-13.52.19-.31.2-.7.03-1.01-.18-.32-.51-.52-.88-.52h-2c-.27,0-.54.11-.73.31-5.14,5.41-11.27,14.26-11.27,25.69,0,6.07,4.93,10.99,11,11h0Zm-26,0c6.07,0,11-4.93,11-11s-4.93-11-11-11c-.32,0-.63.02-.94.05.54-4.81,2.18-9.43,4.79-13.52.19-.31.2-.7.03-1.01-.18-.32-.51-.52-.87-.52h-2c-.27,0-.54.11-.73.31C6.13,5.72,0,14.57,0,26c0,6.07,4.93,10.99,11,11h0Zm0,0\"\/><\/svg>\t\t\t\t\t\t<\/div>\n\t\t\t\t\t\n\t\t\t\t\t<div class=\"premium-testimonial-content-wrapper\">\n\n\t\t\t\t\t\t\n\t\t\t\t\t\t<div class=\"premium-testimonial-text-wrapper\">\n\t\t\t\t\t\t\t<div >\n\t\t\t\t\t\t\t\t<p>La psic\u00f3loga es un profesional de la salud mental que est\u00e1 capacitado para evaluar, diagnosticar y tratar los trastornos emocionales y conductuales. Las psic\u00f3logas juega un papel importante en el apoyo a los estudiantes y su desarrollo. Trabajan con estudiantes, familias y maestros para crear un ambiente escolar seguro y acogedor donde todos los estudiantes puedan tener \u00e9xito.<\/p>\t\t\t\t\t\t\t<\/div>\n\t\t\t\t\t\t<\/div>\n\n\t\t\t\t\t\t\n\t\t\t\t\t\t\n\n\t\t\t\t\t\t\t\t\t\t\t\t\t\t\t<div class=\"premium-testimonial-img-wrapper\">\n\t\t\t\t\t\t\t\t\t<img decoding=\"async\" src=\"https:\/\/colegiofraymartin.edu.pe\/nportal\/wp-content\/uploads\/2023\/08\/Amalia-Ramirez-Valera-Psicologa.png\" alt=\"Amalia Ramirez Valera Psicologa\" class=\"premium-testimonial-person-image\">\n\t\t\t\t\t\t\t\t<\/div>\n\t\t\t\t\t\t\t\n\n\t\t\t\t\t\t\t<div class=\"premium-testimonial-author-info\">\n\t\t\t\t\t\t\t\t<h4 class=\"premium-testimonial-person-name\">\n\t\t\t\t\t\t\t\t\t<span >\n\t\t\t\t\t\t\t\t\t\tAmalia Ramirez Valera \t\t\t\t\t\t\t\t\t<\/span>\n\t\t\t\t\t\t\t\t<\/h4>\n\n\t\t\t\t\t\t\t\t\t\t\t\t\t\t\t\t\t<h5 class=\"premium-testimonial-job\">\n\t\t\t\t\t\t\t\t\t\t\t\t\t\t\t\t\t\t\t<a target=\"_blank\" class=\"premium-testimonial-company-link\">\n\t\t\t\t\t\t\t\t\t\t\t<span >\n\t\t\t\t\t\t\t\t\t\t\t\tPsicologa\t\t\t\t\t\t\t\t\t\t\t<\/span>\n\t\t\t\t\t\t\t\t\t\t<\/a>\n\t\t\t\t\t\t\t\t\t\t\t\t\t\t\t\t\t\t<\/h5>\n\t\t\t\t\t\t\t\t\t\t\t\t\t\t\t<\/div>\n\n\t\t\t\t\t\t\n\t\t\t\t\t<\/div>\n\n\t\t\t\t\t\t\t\t\t\t\t<div class=\"premium-testimonial-lower-quote\">\n\t\t\t\t\t\t\t<svg id=\"Layer_1\" class=\"premium-testimonial-quote\" xmlns=\"http:\/\/www.w3.org\/2000\/svg\" aria-hidden=\"true\" width=\"48\" height=\"37\" viewBox=\"0 0 48 37\"><path d=\"m37,37c6.07,0,11-4.93,11-11s-4.93-11-11-11c-.32,0-.63.02-.94.05.54-4.81,2.18-9.43,4.79-13.52.19-.31.2-.7.03-1.01-.18-.32-.51-.52-.88-.52h-2c-.27,0-.54.11-.73.31-5.14,5.41-11.27,14.26-11.27,25.69,0,6.07,4.93,10.99,11,11h0Zm-26,0c6.07,0,11-4.93,11-11s-4.93-11-11-11c-.32,0-.63.02-.94.05.54-4.81,2.18-9.43,4.79-13.52.19-.31.2-.7.03-1.01-.18-.32-.51-.52-.87-.52h-2c-.27,0-.54.11-.73.31C6.13,5.72,0,14.57,0,26c0,6.07,4.93,10.99,11,11h0Zm0,0\"\/><\/svg>\t\t\t\t\t\t<\/div>\n\t\t\t\t\t\t\t\t\t<\/div>\n\n\t\t\t\n\n\t\t<\/div>\n\t\t\t\t\t\t<\/div>\n\t\t\t\t<\/div>\n\t\t\t\t\t<\/div>\n\t\t<\/div>\n\t\t\t\t\t<\/div>\n\t\t<\/section>\n\t\t\t\t\t<\/div>\n\t\t<\/div>\n\t\t\t\t\t<\/div>\n\t\t<\/section>\n\t\t\t\t<section class=\"elementor-section elementor-top-section elementor-element elementor-element-148eb6c elementor-section-full_width elementor-section-height-min-height elementor-section-stretched elementor-section-height-default elementor-section-items-middle\" data-id=\"148eb6c\" data-element_type=\"section\" data-settings=\"{&quot;stretch_section&quot;:&quot;section-stretched&quot;,&quot;background_background&quot;:&quot;video&quot;,&quot;background_video_link&quot;:&quot;https:\\\/\\\/youtu.be\\\/2Nmku2lHMrY&quot;}\">\n\t\t\t\t\t\t\t\t<div class=\"elementor-background-video-container elementor-hidden-mobile\" aria-hidden=\"true\">\n\t\t\t\t\t\t\t\t\t\t\t\t\t<div class=\"elementor-background-video-embed\"><\/div>\n\t\t\t\t\t\t\t\t\t\t\t\t<\/div>\n\t\t\t\t\t\t\t\t\t<div class=\"elementor-background-overlay\"><\/div>\n\t\t\t\t\t\t\t<div class=\"elementor-container elementor-column-gap-default\">\n\t\t\t\t\t<div class=\"elementor-column elementor-col-50 elementor-top-column elementor-element elementor-element-260648f\" data-id=\"260648f\" data-element_type=\"column\">\n\t\t\t<div class=\"elementor-widget-wrap\">\n\t\t\t\t\t\t\t<\/div>\n\t\t<\/div>\n\t\t\t\t<div class=\"elementor-column elementor-col-50 elementor-top-column elementor-element elementor-element-ba105b1\" data-id=\"ba105b1\" data-element_type=\"column\" data-settings=\"{&quot;background_background&quot;:&quot;classic&quot;}\">\n\t\t\t<div class=\"elementor-widget-wrap elementor-element-populated\">\n\t\t\t\t\t<div class=\"elementor-background-overlay\"><\/div>\n\t\t\t\t\t\t<div class=\"elementor-element elementor-element-53e6f99 elementor-widget elementor-widget-heading\" data-id=\"53e6f99\" data-element_type=\"widget\" data-widget_type=\"heading.default\">\n\t\t\t\t<div class=\"elementor-widget-container\">\n\t\t\t\t\t<h2 class=\"elementor-heading-title elementor-size-default\">Contactanos<\/h2>\t\t\t\t<\/div>\n\t\t\t\t<\/div>\n\t\t\t\t<div class=\"elementor-element elementor-element-7328893 elementor-widget elementor-widget-text-editor\" data-id=\"7328893\" data-element_type=\"widget\" data-widget_type=\"text-editor.default\">\n\t\t\t\t<div class=\"elementor-widget-container\">\n\t\t\t\t\t\t\t\t\t<p>Instalaciones principalmente acondicionadas para nuestros diferentes niveles (Inicial, Primaria, Secundaria).<\/p>\t\t\t\t\t\t\t\t<\/div>\n\t\t\t\t<\/div>\n\t\t\t\t<div class=\"elementor-element elementor-element-6b307e9 elementor-align-center elementor-widget elementor-widget-button\" data-id=\"6b307e9\" data-element_type=\"widget\" data-widget_type=\"button.default\">\n\t\t\t\t<div class=\"elementor-widget-container\">\n\t\t\t\t\t\t\t\t\t<div class=\"elementor-button-wrapper\">\n\t\t\t\t\t<a class=\"elementor-button elementor-button-link elementor-size-sm\" href=\"https:\/\/colegiofraymartin.edu.pe\/nportal\/contacto\/\">\n\t\t\t\t\t\t<span class=\"elementor-button-content-wrapper\">\n\t\t\t\t\t\t<span class=\"elementor-button-icon\">\n\t\t\t\t<i aria-hidden=\"true\" class=\"far fa-paper-plane\"><\/i>\t\t\t<\/span>\n\t\t\t\t\t\t\t\t\t<span class=\"elementor-button-text\">Siguenos<\/span>\n\t\t\t\t\t<\/span>\n\t\t\t\t\t<\/a>\n\t\t\t\t<\/div>\n\t\t\t\t\t\t\t\t<\/div>\n\t\t\t\t<\/div>\n\t\t\t\t\t<\/div>\n\t\t<\/div>\n\t\t\t\t\t<\/div>\n\t\t<\/section>\n\t\t\t\t<\/div>\n\t\t","protected":false},"excerpt":{"rendered":"<p>Colegio Fray Martin Instalaciones Educativas Nivel Inicial El Centro Educativo Fray Mart\u00edn es una instituci\u00f3n educativa que ofrece educaci\u00f3n de calidad a ni\u00f1os de nivel inicial. El centro est\u00e1 comprometido con el desarrollo integral de sus alumnos, fortaleciendo sus habilidades sociales, cognitivas y emocionales. El centro cuenta con un equipo docente altamente capacitado y comprometido con la educaci\u00f3n de sus [&hellip;]<\/p>\n","protected":false},"author":2,"featured_media":0,"parent":0,"menu_order":0,"comment_status":"closed","ping_status":"closed","template":"","meta":{"_joinchat":[],"footnotes":""},"class_list":["post-976","page","type-page","status-publish","hentry"],"yoast_head":"<!-- This site is optimized with the Yoast SEO plugin v26.1.1 - https:\/\/yoast.com\/wordpress\/plugins\/seo\/ -->\n<title>Instalaciones Educativas - Colegio Fray Martin<\/title>\n<meta name=\"robots\" content=\"index, follow, max-snippet:-1, max-image-preview:large, max-video-preview:-1\" \/>\n<link rel=\"canonical\" href=\"https:\/\/colegiofraymartin.edu.pe\/nportal\/instalaciones-educativas\/\" \/>\n<meta property=\"og:locale\" content=\"es_ES\" \/>\n<meta property=\"og:type\" content=\"article\" \/>\n<meta property=\"og:title\" content=\"Instalaciones Educativas - Colegio Fray Martin\" \/>\n<meta property=\"og:description\" content=\"Colegio Fray Martin Instalaciones Educativas Nivel Inicial El Centro Educativo Fray Mart\u00edn es una instituci\u00f3n educativa que ofrece educaci\u00f3n de calidad a ni\u00f1os de nivel inicial. El centro est\u00e1 comprometido con el desarrollo integral de sus alumnos, fortaleciendo sus habilidades sociales, cognitivas y emocionales. El centro cuenta con un equipo docente altamente capacitado y comprometido con la educaci\u00f3n de sus [&hellip;]\" \/>\n<meta property=\"og:url\" content=\"https:\/\/colegiofraymartin.edu.pe\/nportal\/instalaciones-educativas\/\" \/>\n<meta property=\"og:site_name\" content=\"Colegio Fray Martin\" \/>\n<meta property=\"article:publisher\" content=\"https:\/\/www.facebook.com\/profile.php?id=61552163747963&amp;locale=es_LA\" \/>\n<meta property=\"article:modified_time\" content=\"2023-12-13T20:00:30+00:00\" \/>\n<meta property=\"og:image\" content=\"https:\/\/colegiofraymartin.edu.pe\/nportal\/wp-content\/uploads\/2023\/08\/Silvia-Maritza-Pari-Humpiri-Inicial-3-anos.png\" \/>\n<meta name=\"twitter:card\" content=\"summary_large_image\" \/>\n<meta name=\"twitter:label1\" content=\"Tiempo de lectura\" \/>\n\t<meta name=\"twitter:data1\" content=\"4 minutos\" \/>\n<script type=\"application\/ld+json\" class=\"yoast-schema-graph\">{\"@context\":\"https:\/\/schema.org\",\"@graph\":[{\"@type\":\"WebPage\",\"@id\":\"https:\/\/colegiofraymartin.edu.pe\/nportal\/instalaciones-educativas\/\",\"url\":\"https:\/\/colegiofraymartin.edu.pe\/nportal\/instalaciones-educativas\/\",\"name\":\"Instalaciones Educativas - Colegio Fray Martin\",\"isPartOf\":{\"@id\":\"https:\/\/colegiofraymartin.edu.pe\/nportal\/#website\"},\"primaryImageOfPage\":{\"@id\":\"https:\/\/colegiofraymartin.edu.pe\/nportal\/instalaciones-educativas\/#primaryimage\"},\"image\":{\"@id\":\"https:\/\/colegiofraymartin.edu.pe\/nportal\/instalaciones-educativas\/#primaryimage\"},\"thumbnailUrl\":\"https:\/\/colegiofraymartin.edu.pe\/nportal\/wp-content\/uploads\/2023\/08\/Silvia-Maritza-Pari-Humpiri-Inicial-3-anos.png\",\"datePublished\":\"2023-08-10T15:52:06+00:00\",\"dateModified\":\"2023-12-13T20:00:30+00:00\",\"breadcrumb\":{\"@id\":\"https:\/\/colegiofraymartin.edu.pe\/nportal\/instalaciones-educativas\/#breadcrumb\"},\"inLanguage\":\"es\",\"potentialAction\":[{\"@type\":\"ReadAction\",\"target\":[\"https:\/\/colegiofraymartin.edu.pe\/nportal\/instalaciones-educativas\/\"]}]},{\"@type\":\"ImageObject\",\"inLanguage\":\"es\",\"@id\":\"https:\/\/colegiofraymartin.edu.pe\/nportal\/instalaciones-educativas\/#primaryimage\",\"url\":\"https:\/\/colegiofraymartin.edu.pe\/nportal\/wp-content\/uploads\/2023\/08\/Silvia-Maritza-Pari-Humpiri-Inicial-3-anos.png\",\"contentUrl\":\"https:\/\/colegiofraymartin.edu.pe\/nportal\/wp-content\/uploads\/2023\/08\/Silvia-Maritza-Pari-Humpiri-Inicial-3-anos.png\",\"width\":413,\"height\":531},{\"@type\":\"BreadcrumbList\",\"@id\":\"https:\/\/colegiofraymartin.edu.pe\/nportal\/instalaciones-educativas\/#breadcrumb\",\"itemListElement\":[{\"@type\":\"ListItem\",\"position\":1,\"name\":\"Portada\",\"item\":\"https:\/\/colegiofraymartin.edu.pe\/nportal\/\"},{\"@type\":\"ListItem\",\"position\":2,\"name\":\"Instalaciones Educativas\"}]},{\"@type\":\"WebSite\",\"@id\":\"https:\/\/colegiofraymartin.edu.pe\/nportal\/#website\",\"url\":\"https:\/\/colegiofraymartin.edu.pe\/nportal\/\",\"name\":\"Colegio Fray Martin\",\"description\":\"Amor, Trabajo y Disciplina\",\"publisher\":{\"@id\":\"https:\/\/colegiofraymartin.edu.pe\/nportal\/#organization\"},\"potentialAction\":[{\"@type\":\"SearchAction\",\"target\":{\"@type\":\"EntryPoint\",\"urlTemplate\":\"https:\/\/colegiofraymartin.edu.pe\/nportal\/?s={search_term_string}\"},\"query-input\":{\"@type\":\"PropertyValueSpecification\",\"valueRequired\":true,\"valueName\":\"search_term_string\"}}],\"inLanguage\":\"es\"},{\"@type\":\"Organization\",\"@id\":\"https:\/\/colegiofraymartin.edu.pe\/nportal\/#organization\",\"name\":\"Colegio Fray Martin\",\"url\":\"https:\/\/colegiofraymartin.edu.pe\/nportal\/\",\"logo\":{\"@type\":\"ImageObject\",\"inLanguage\":\"es\",\"@id\":\"https:\/\/colegiofraymartin.edu.pe\/nportal\/#\/schema\/logo\/image\/\",\"url\":\"https:\/\/colegiofraymartin.edu.pe\/nportal\/wp-content\/uploads\/2023\/08\/TERCERA-INSIGNIA.png\",\"contentUrl\":\"https:\/\/colegiofraymartin.edu.pe\/nportal\/wp-content\/uploads\/2023\/08\/TERCERA-INSIGNIA.png\",\"width\":512,\"height\":588,\"caption\":\"Colegio Fray Martin\"},\"image\":{\"@id\":\"https:\/\/colegiofraymartin.edu.pe\/nportal\/#\/schema\/logo\/image\/\"},\"sameAs\":[\"https:\/\/www.facebook.com\/profile.php?id=61552163747963&locale=es_LA\"]}]}<\/script>\n<!-- \/ Yoast SEO plugin. -->","yoast_head_json":{"title":"Instalaciones Educativas - Colegio Fray Martin","robots":{"index":"index","follow":"follow","max-snippet":"max-snippet:-1","max-image-preview":"max-image-preview:large","max-video-preview":"max-video-preview:-1"},"canonical":"https:\/\/colegiofraymartin.edu.pe\/nportal\/instalaciones-educativas\/","og_locale":"es_ES","og_type":"article","og_title":"Instalaciones Educativas - Colegio Fray Martin","og_description":"Colegio Fray Martin Instalaciones Educativas Nivel Inicial El Centro Educativo Fray Mart\u00edn es una instituci\u00f3n educativa que ofrece educaci\u00f3n de calidad a ni\u00f1os de nivel inicial. El centro est\u00e1 comprometido con el desarrollo integral de sus alumnos, fortaleciendo sus habilidades sociales, cognitivas y emocionales. El centro cuenta con un equipo docente altamente capacitado y comprometido con la educaci\u00f3n de sus [&hellip;]","og_url":"https:\/\/colegiofraymartin.edu.pe\/nportal\/instalaciones-educativas\/","og_site_name":"Colegio Fray Martin","article_publisher":"https:\/\/www.facebook.com\/profile.php?id=61552163747963&locale=es_LA","article_modified_time":"2023-12-13T20:00:30+00:00","og_image":[{"url":"https:\/\/colegiofraymartin.edu.pe\/nportal\/wp-content\/uploads\/2023\/08\/Silvia-Maritza-Pari-Humpiri-Inicial-3-anos.png","type":"","width":"","height":""}],"twitter_card":"summary_large_image","twitter_misc":{"Tiempo de lectura":"4 minutos"},"schema":{"@context":"https:\/\/schema.org","@graph":[{"@type":"WebPage","@id":"https:\/\/colegiofraymartin.edu.pe\/nportal\/instalaciones-educativas\/","url":"https:\/\/colegiofraymartin.edu.pe\/nportal\/instalaciones-educativas\/","name":"Instalaciones Educativas - Colegio Fray Martin","isPartOf":{"@id":"https:\/\/colegiofraymartin.edu.pe\/nportal\/#website"},"primaryImageOfPage":{"@id":"https:\/\/colegiofraymartin.edu.pe\/nportal\/instalaciones-educativas\/#primaryimage"},"image":{"@id":"https:\/\/colegiofraymartin.edu.pe\/nportal\/instalaciones-educativas\/#primaryimage"},"thumbnailUrl":"https:\/\/colegiofraymartin.edu.pe\/nportal\/wp-content\/uploads\/2023\/08\/Silvia-Maritza-Pari-Humpiri-Inicial-3-anos.png","datePublished":"2023-08-10T15:52:06+00:00","dateModified":"2023-12-13T20:00:30+00:00","breadcrumb":{"@id":"https:\/\/colegiofraymartin.edu.pe\/nportal\/instalaciones-educativas\/#breadcrumb"},"inLanguage":"es","potentialAction":[{"@type":"ReadAction","target":["https:\/\/colegiofraymartin.edu.pe\/nportal\/instalaciones-educativas\/"]}]},{"@type":"ImageObject","inLanguage":"es","@id":"https:\/\/colegiofraymartin.edu.pe\/nportal\/instalaciones-educativas\/#primaryimage","url":"https:\/\/colegiofraymartin.edu.pe\/nportal\/wp-content\/uploads\/2023\/08\/Silvia-Maritza-Pari-Humpiri-Inicial-3-anos.png","contentUrl":"https:\/\/colegiofraymartin.edu.pe\/nportal\/wp-content\/uploads\/2023\/08\/Silvia-Maritza-Pari-Humpiri-Inicial-3-anos.png","width":413,"height":531},{"@type":"BreadcrumbList","@id":"https:\/\/colegiofraymartin.edu.pe\/nportal\/instalaciones-educativas\/#breadcrumb","itemListElement":[{"@type":"ListItem","position":1,"name":"Portada","item":"https:\/\/colegiofraymartin.edu.pe\/nportal\/"},{"@type":"ListItem","position":2,"name":"Instalaciones Educativas"}]},{"@type":"WebSite","@id":"https:\/\/colegiofraymartin.edu.pe\/nportal\/#website","url":"https:\/\/colegiofraymartin.edu.pe\/nportal\/","name":"Colegio Fray Martin","description":"Amor, Trabajo y Disciplina","publisher":{"@id":"https:\/\/colegiofraymartin.edu.pe\/nportal\/#organization"},"potentialAction":[{"@type":"SearchAction","target":{"@type":"EntryPoint","urlTemplate":"https:\/\/colegiofraymartin.edu.pe\/nportal\/?s={search_term_string}"},"query-input":{"@type":"PropertyValueSpecification","valueRequired":true,"valueName":"search_term_string"}}],"inLanguage":"es"},{"@type":"Organization","@id":"https:\/\/colegiofraymartin.edu.pe\/nportal\/#organization","name":"Colegio Fray Martin","url":"https:\/\/colegiofraymartin.edu.pe\/nportal\/","logo":{"@type":"ImageObject","inLanguage":"es","@id":"https:\/\/colegiofraymartin.edu.pe\/nportal\/#\/schema\/logo\/image\/","url":"https:\/\/colegiofraymartin.edu.pe\/nportal\/wp-content\/uploads\/2023\/08\/TERCERA-INSIGNIA.png","contentUrl":"https:\/\/colegiofraymartin.edu.pe\/nportal\/wp-content\/uploads\/2023\/08\/TERCERA-INSIGNIA.png","width":512,"height":588,"caption":"Colegio Fray Martin"},"image":{"@id":"https:\/\/colegiofraymartin.edu.pe\/nportal\/#\/schema\/logo\/image\/"},"sameAs":["https:\/\/www.facebook.com\/profile.php?id=61552163747963&locale=es_LA"]}]}},"_links":{"self":[{"href":"https:\/\/colegiofraymartin.edu.pe\/nportal\/wp-json\/wp\/v2\/pages\/976","targetHints":{"allow":["GET"]}}],"collection":[{"href":"https:\/\/colegiofraymartin.edu.pe\/nportal\/wp-json\/wp\/v2\/pages"}],"about":[{"href":"https:\/\/colegiofraymartin.edu.pe\/nportal\/wp-json\/wp\/v2\/types\/page"}],"author":[{"embeddable":true,"href":"https:\/\/colegiofraymartin.edu.pe\/nportal\/wp-json\/wp\/v2\/users\/2"}],"replies":[{"embeddable":true,"href":"https:\/\/colegiofraymartin.edu.pe\/nportal\/wp-json\/wp\/v2\/comments?post=976"}],"version-history":[{"count":106,"href":"https:\/\/colegiofraymartin.edu.pe\/nportal\/wp-json\/wp\/v2\/pages\/976\/revisions"}],"predecessor-version":[{"id":1600,"href":"https:\/\/colegiofraymartin.edu.pe\/nportal\/wp-json\/wp\/v2\/pages\/976\/revisions\/1600"}],"wp:attachment":[{"href":"https:\/\/colegiofraymartin.edu.pe\/nportal\/wp-json\/wp\/v2\/media?parent=976"}],"curies":[{"name":"wp","href":"https:\/\/api.w.org\/{rel}","templated":true}]}}